{"id":76,"date":"2026-02-06T14:02:42","date_gmt":"2026-02-06T13:02:42","guid":{"rendered":"https:\/\/www.haras-de-nantes.fr\/academie2\/?page_id=76"},"modified":"2026-04-22T14:08:34","modified_gmt":"2026-04-22T12:08:34","slug":"formation-bpjeps","status":"publish","type":"page","link":"https:\/\/www.haras-de-nantes.fr\/academie\/formation-bpjeps\/","title":{"rendered":"BPJEPS \u00e9quitation"},"content":{"rendered":"<div>Formation<\/div>\n<h1>BPJEPS  \u00c9quitation<br \/>\n<\/h1>\n<div><center>Dipl\u00f4me d\u2019Etat BPJEPS sp\u00e9cialit\u00e9 \u00ab Educateur sportif \u00bb mention \u00ab Equitation \u00bb <br \/>Certificat de Comp\u00e9tences CCIEE (Initier \u00e0 l\u2019\u00c9quitation \u00c9thologique) <br \/>Certificat de Comp\u00e9tences CCPEE (Perfectionner \u00e0 l\u2019\u00c9quitation \u00c9thologique)<\/center><\/div>\n<h2>BPJEPS \u00e9quitation<\/h2>\n<h1>Double dipl\u00f4me en \u00e9quitation \u00e9thologique<\/h1>\n<div>Avec cette formation vous devenez enseignant d\u2019\u00e9quitation, avec <b>une double comp\u00e9tence en \u00e9quitation \u00e9thologique.<\/b> Vous pr\u00e9parez 2 dipl\u00f4mes : le BPEJPS et un CCIEE ou un CCPEE (si vous avez d\u00e9j\u00e0 obtenu un dipl\u00f4me de niveau III).<\/p>\n<p>Le Haras de Nantes Acad\u00e9mie estime indispensable d\u2019adjoindre \u00e0 l\u2019\u00e9quitation traditionnelle une qualification en \u00e9quitation \u00e9thologique, int\u00e9grant ainsi la connaissance du comportement du cheval, la relation avec l\u2019Homme comme des fondamentaux d\u2019un enseignement de qualit\u00e9.<\/p>\n<\/div>\n<p><p>\n        <a href=\"\/academie\/contact\/\">Demandez le programme<\/a>\n    <\/p>\n<\/p>\n<h1>Pourquoi se former chez nous ? <\/h1>\n<h1>Les avantages de l&rsquo;Acad\u00e9mie<\/h1>\n<ul>\n<li>\n<p>        <img decoding=\"async\" src=\"\/academie\/wp-content\/uploads\/2026\/02\/Fichier-14.svg\" alt=\"\"><\/p>\n<h3>Double dipl\u00f4me \u00e9quitation \u00e9thologique<\/h3>\n<div>Avec le CCIEE\/CCPPEE. Pour une formation technique, compl\u00e8te et humaine dans le respect des animaux. <\/div>\n<\/li>\n<li>\n<p>        <img decoding=\"async\" src=\"\/academie\/wp-content\/uploads\/2026\/02\/Fichier-13.svg\" alt=\"\"><\/p>\n<h3>Intervention de professionnels<\/h3>\n<div>Mar\u00e9chal-ferrant, v\u00e9t\u00e9rinaire, saddle fitter,<br \/>\nost\u00e9opathe, dentiste \u00e9quin, masseur \u00e9quin,<br \/>\njuriste sp\u00e9cialis\u00e9 en droit \u00e9quin\u2026<\/div>\n<\/li>\n<li>\n<p>        <img decoding=\"async\" src=\"\/academie\/wp-content\/uploads\/2026\/02\/Fichier-11.svg\" alt=\"\"><\/p>\n<h3>D\u00e9couverte de nombreuses disciplines<\/h3>\n<div>Comme le TREC, voltige, Pony Game, attelage, art \u00e9questre et bien d&rsquo;autres encore<\/div>\n<\/li>\n<li>\n<p>        <img decoding=\"async\" src=\"\/academie\/wp-content\/uploads\/2026\/02\/Fichier-12.svg\" alt=\"\"><\/p>\n<h3>Participation \u00e0 des \u00e9v\u00e8nements \u00e9questre<\/h3>\n<div>Congr\u00e9s des Poneys au Parc Equestre F\u00e9d\u00e9ral, Salon du cheval \u00e0 Angers, Mondial du Lion&#8230; Pour vivre les temps forts de l&rsquo;\u00e9quitations<\/div>\n<\/li>\n<\/ul>\n<h2>Organisation de la formation<\/h2>\n<div>\n<p><span>Tout au long de l\u2019ann\u00e9e, vous suivez des enseignements th\u00e9oriques et pratiques, au centre de formation et en entreprise. Notre \u00e9quipe p\u00e9dagogique vous accompagne dans la recherche d\u2019apprentissage.<\/span><\/p>\n<\/div>\n<table>\n<tbody>\n<tr>\n<td>\n        <img decoding=\"async\" src=\"\/academie\/wp-content\/uploads\/2026\/02\/calendar.png\" alt=\"\">\n    <\/td>\n<td>Dur\u00e9e<\/td>\n<td>Dur\u00e9e<\/td>\n<td>\n<p><span>11 mois (1 615h dont 635h au centre de formation et 980 en mise en situation professionnelle)<\/span><\/p>\n<\/td>\n<\/tr>\n<tr>\n<td>\n        <img decoding=\"async\" src=\"\/academie\/wp-content\/uploads\/2026\/02\/briefcase.png\" alt=\"\">\n    <\/td>\n<td>Rythme alternance<\/td>\n<td>Rythme <br \/> alternance<\/td>\n<td>\n<p><span>Lundi et mardi en centre de formation<\/span><\/p>\n<\/td>\n<\/tr>\n<\/tbody>\n<\/table>\n<h2>Pr\u00e9requis<\/h2>\n<table>\n<tbody>\n<tr>\n<td>\n        <img decoding=\"async\" src=\"\/academie\/wp-content\/uploads\/2026\/02\/profile.png\" alt=\"\">\n    <\/td>\n<td>Age<\/td>\n<td>Age<\/td>\n<td>\n<p><span>\u00a0\u00catre \u00e2g\u00e9 de 18 ans et plus<\/span><\/p>\n<\/td>\n<\/tr>\n<tr>\n<td>\n        <img decoding=\"async\" src=\"\/academie\/wp-content\/uploads\/2026\/02\/document.png\" alt=\"\">\n    <\/td>\n<td>Documents<\/td>\n<td>Documents<\/td>\n<td>\n<ul>\n<li><span>\u00catre titulaire de la <strong>PSC 1<\/strong> (Pr\u00e9vention et secours civiques de niveau 1)<\/span><\/li>\n<li>\u00catre en possession d\u2019une <strong>licence f\u00e9d\u00e9rale<\/strong> valide<\/li>\n<li>\u00catre en possession d\u2019un<strong> certificat m\u00e9dical<\/strong> datant de moins de 3 mois \u00e0 la cl\u00f4ture des inscriptions<\/li>\n<\/ul>\n<\/td>\n<\/tr>\n<\/tbody>\n<\/table>\n<h2>Conditions d&rsquo;admission<\/h2>\n<h2>Valider un niveau d&rsquo;entr\u00e9e<\/h2>\n<div>\n<p><span>Avec une validation d\u2019un TEP (Test Exigences Pr\u00e9alables) ou de la CEP 3 (Capacit\u00e9 Equestre Professionnelle de niveau 3). Equivalent aux attendus techniques du galop 7<\/span><\/p>\n<\/div>\n<p><p>\n        <a href=\"https:\/\/docs.google.com\/forms\/d\/e\/1FAIpQLSeFnWhfi73Iuz9BMDFixI31Q2qZ-dYXTckGRLfvvzJ9zYOsAg\/viewform?usp=header\" target=\"_blank\" rel=\"noopener\">S\u2019inscrire aux TEP organis\u00e9s au Haras de Nantes<\/a>\n    <\/p>\n<\/p>\n<h2>Participer aux tests de s\u00e9lection<\/h2>\n<div>\n<ul class=\"wp-block-list has-small-font-size\">\n<li>Un expos\u00e9 oral du projet professionnel suivi d\u2019un entretien ~20 min<\/li>\n<li>Une \u00e9preuve \u00e9crite (th\u00e8me \u00e9questre) pour \u00e9valuer la ma\u00eetrise du fran\u00e7ais ~1h30<\/li>\n<li>Un questionnaire de connaissances g\u00e9n\u00e9rales \u00e9questre ~15 min<\/li>\n<li>Une \u00e9valuation \u00e0 cheval lors d\u2019un travail impos\u00e9 par la responsable p\u00e9dagogique ~ 30 min<\/li>\n<\/ul>\n<\/div>\n<p><p>\n        <a href=\"https:\/\/docs.google.com\/forms\/d\/e\/1FAIpQLScwj_MGJQR9D9lcDQd7sR8L72PMUEg-SmerJI6l6uNa4-evoA\/viewform?usp=dialog\" target=\"_blank\" rel=\"noopener\">S\u2019inscrire aux tests de s\u00e9lection<\/a>\n    <\/p>\n<\/p>\n<div>Dates cl\u00e9s de la formation<\/div>\n<ul>\n<li>\n<h3>\u00c0 partir d&rsquo;Avril<\/h3>\n<div>\n<p>Passage des TEP au Haras de Nantes<\/p>\n<\/div>\n<p><a href=\"https:\/\/docs.google.com\/forms\/d\/e\/1FAIpQLSeFnWhfi73Iuz9BMDFixI31Q2qZ-dYXTckGRLfvvzJ9zYOsAg\/viewform?usp=header\" target=\"_blank\" rel=\"noopener\">S&rsquo;inscrire aux TEP<\/a><\/p>\n<\/li>\n<li>\n<h3>30 Juillet<\/h3>\n<div>R\u00e9sultats des s\u00e9lections<\/div>\n<\/li>\n<li>\n<h3>31 ao\u00fbt<\/h3>\n<div>Rentr\u00e9e des classes<\/div>\n<\/li>\n<li>\n<h3>Fin mars \u00e0 mai 2027<\/h3>\n<div>Examen BPJEPS<\/div>\n<\/li>\n<li>\n<h3>Juillet 2027<\/h3>\n<div>Examen CCIEE &#038; CCPEE<\/div>\n<\/li>\n<\/ul>\n<div>Qu&rsquo;est-ce qu&rsquo;on apprend ?<\/div>\n<h2>Les objectifs de la formation<\/h2>\n<div>\n<p>A l\u2019issue de la formation, vous aurez d\u00e9velopp\u00e9 les aptitudes et comp\u00e9tences suivantes, certifi\u00e9es par quatre blocs de comp\u00e9tences pour le BPJEPS et quatre modalit\u00e9s pour le CCIEE et le CCPEE. Les blocs et les modalit\u00e9s sont valid\u00e9s de mani\u00e8re ind\u00e9pendante.<\/p>\n<\/div>\n<ul>\n<li>\n<h3>BPJEPS<\/h3>\n<div>\n<ul>\n<li><strong>BC 1 :<\/strong> Soutenance d\u2019un projet d\u2019animation dans la structure. Evalu\u00e9 sur la nature du projet, structure du dossier, exhaustivit\u00e9 des informations, qualit\u00e9 de la pr\u00e9sentation<\/li>\n<li><strong>BC 2 :<\/strong> Pr\u00e9sentation de plusieurs projets s\u2019inscrivant dans la structure d\u2019accueil et s\u2019adaptant aux diff\u00e9rents publics<\/li>\n<li><strong>BC 3 :<\/strong> Concevoir, conduire en s\u00e9curit\u00e9 et \u00e9valuer des s\u00e9ances et des cycles de s\u00e9ances d\u2019apprentissage des activit\u00e9s \u00e9questres dans le cadre du projet et de l\u2019organisation de travail de la structure<\/li>\n<li><strong>BC 4 :<\/strong> Assurer les soins, la gestion et l\u2019\u00e9ducation des \u00e9quid\u00e9s ainsi que l\u2019entretien des mat\u00e9riels p\u00e9dagogiques sp\u00e9cifiques aux activit\u00e9s \u00e9questres<\/li>\n<\/ul>\n<\/div>\n<\/li>\n<li>\n<h3>CCIEE<\/h3>\n<div>\n<ul class=\"wp-block-list has-small-font-size\">\n<li>Int\u00e9gration de la pratique de l\u2019\u00e9quitation \u00e9thologique au projet p\u00e9dagogique de la structure \u00e9questre<\/li>\n<li>Pr\u00e9paration de cycles, de s\u00e9ances d\u2019initiation \u00e0 l\u2019\u00e9quitation \u00e9thologique<\/li>\n<li>Conduite de s\u00e9ance d\u2019initiation \u00e0 l\u2019\u00e9quitation \u00e9thologique \u00e0 pied<\/li>\n<li>\u00c9valuation de s\u00e9ance d\u2019initiation \u00e0 l\u2019\u00e9quitation \u00e9thologique<\/li>\n<\/ul>\n<\/div>\n<\/li>\n<li>\n<h3>CCPEE<\/h3>\n<div>\n<ul class=\"wp-block-list has-small-font-size\">\n<li>Pr\u00e9paration de cycles, de s\u00e9ances de perfectionnement en \u00e9quitation \u00e9thologique.<\/li>\n<li>Conduite de s\u00e9ances de perfectionnement en \u00e9quitation \u00e9thologique.<\/li>\n<li>\u00c9valuation de s\u00e9ances de perfectionnement en \u00e9quitation \u00e9thologique.<\/li>\n<li>Mise en oeuvre d\u2019un programme de travail pour un \u00e9quid\u00e9 destin\u00e9 \u00e0 l\u2019apprentissage de l\u2019\u00e9quitation \u00e9thologique.<\/li>\n<\/ul>\n<\/div>\n<\/li>\n<\/ul>\n<div>Besoin de pr\u00e9paration ?<\/div>\n<h2>Soyez pr\u00eat pour les tests de s\u00e9lection et TEP<\/h2>\n<ul>\n<li>\n<h3>La s\u00e9ance diagnostique<\/h3>\n<p>La s\u00e9ance diagnostic<\/p>\n<div>Pour \u00e9valuer votre niveau \u00e9questre en vue de l\u2019examen que vous visez. Ces s\u00e9ances sont r\u00e9alis\u00e9es par un enseignant ma\u00eetrisant le r\u00e9f\u00e9rentiel technique attendu. Vous repartez avec les \u00e9carts \u00e9ventuels et les points \u00e0 perfectionner avec votre coach ou en autonomie. <\/div>\n<\/li>\n<li>\n<h3>Le forfait de pr\u00e9paration<\/h3>\n<p>Le forfait de pr\u00e9paration<\/p>\n<div>Un programme en 9 s\u00e9ances pour travailler vos points faibles en vue des tests. Ces s\u00e9ances permettent aussi de d\u00e9couvrir la cavalerie sur laquelle vous passerez vos tests dans le cas o\u00f9 vous ne venez pas avec votre monture.<\/div>\n<\/li>\n<li>\n<h3>Le forfait intensif<\/h3>\n<p>Le forfait intensif<\/p>\n<div>\n<p>Pens\u00e9 pour les candidats g\u00e9ographiquement \u00e9loign\u00e9s afin de leur apporter une solution de monter en comp\u00e9tences sur un temps court. Compos\u00e9 de 4 s\u00e9ances en 2 jours, vous optimisez votre temps sur site.<\/p>\n<\/div>\n<\/li>\n<\/ul>\n<p><p>\n        <a href=\"https:\/\/docs.google.com\/forms\/d\/e\/1FAIpQLSeUBvcCOKCfs1j08A3Q3KERtSJh6KVlc3XcojMpsohicpoblQ\/viewform?usp=header\" target=\"_blank\" rel=\"noopener\">Inscrivez vous aux pr\u00e9parations des tests<\/a>\n    <\/p>\n<\/p>\n<h1>Vous voulez en savoir plus sur notre formation BPJEPS ?<br \/>\n<\/h1>\n<p><p>\n        <a href=\"\/academie\/contact\/\">Contactez notre \u00e9quipe<\/a>\n    <\/p>\n<\/p>\n<p><!--more--><br \/>\n<!-- {\"type\":\"layout\",\"children\":[{\"type\":\"section\",\"props\":{\"header_transparent\":true,\"header_transparent_noplaceholder\":true,\"height\":\"viewport\",\"height_viewport_offset\":true,\"image\":\"wp-content\/uploads\/2026\/02\/DSC_0124-scaled.jpg\",\"image_effect\":\"parallax\",\"image_loading\":true,\"image_parallax_bgy\":\"-5vw,4vw\",\"image_parallax_easing\":\"1\",\"image_position\":\"center-center\",\"image_size\":\"cover\",\"image_width\":\"2560\",\"media_overlay\":\"rgba(0, 0, 0, 0.27)\",\"padding_bottom\":\"none\",\"padding_top\":\"none\",\"style\":\"default\",\"text_color\":\"light\",\"title\":\"Fa\u00eete de votre passion un m\u00e9tier\",\"title_breakpoint\":\"xl\",\"title_position\":\"center-right\",\"title_rotation\":\"left\",\"vertical_align\":\"middle\",\"width\":\"large\"},\"children\":[{\"type\":\"row\",\"children\":[{\"type\":\"column\",\"props\":{\"image_position\":\"center-center\",\"position_sticky_breakpoint\":\"m\",\"width_medium\":\"1-1\"},\"children\":[{\"type\":\"headline\",\"props\":{\"content\":\"Formation\",\"image_align\":\"left\",\"image_margin\":\"xsmall\",\"margin_bottom\":\"small\",\"margin_top\":\"small\",\"text_align\":\"center\",\"title_element\":\"div\",\"title_font_family\":\"tertiary\",\"title_style\":\"h3\"}},{\"type\":\"headline\",\"props\":{\"block_align\":\"center\",\"content\":\"BPJEPS  \u00c9quitation\\n\",\"image_align\":\"left\",\"image_margin\":\"xsmall\",\"margin_top\":\"remove\",\"maxwidth_breakpoint\":\"m\",\"text_align\":\"center\",\"title_element\":\"h1\",\"title_style\":\"heading-xlarge\"}},{\"type\":\"text\",\"props\":{\"column_breakpoint\":\"m\",\"content\":\"<center>Dipl\u00f4me d\u2019Etat BPJEPS sp\u00e9cialit\u00e9 \u00ab Educateur sportif \u00bb mention \u00ab Equitation \u00bb <br \/>Certificat de Comp\u00e9tences CCIEE (Initier \u00e0 l\u2019\u00c9quitation \u00c9thologique) <br \/>Certificat de Comp\u00e9tences CCPEE (Perfectionner \u00e0 l\u2019\u00c9quitation \u00c9thologique)<\/center>\",\"dropcap\":false,\"margin_bottom\":\"default\",\"margin_top\":\"default\",\"text_color\":\"emphasis\",\"text_style\":\"large\"}}]}]}],\"name\":\"Hero\"},{\"type\":\"section\",\"props\":{\"animation\":\"slide-right-medium\",\"image_position\":\"center-center\",\"padding_bottom\":\"none\",\"padding_top\":\"none\",\"style\":\"default\",\"title_breakpoint\":\"xl\",\"title_position\":\"top-left\",\"title_rotation\":\"left\",\"vertical_align\":\"\",\"width\":\"\",\"width_expand\":\"left\"},\"children\":[{\"type\":\"row\",\"props\":{\"column_gap\":\"collapse\",\"height\":\"viewport\",\"id\":\"beginners\",\"layout\":\"1-2,1-2\",\"row_gap\":\"collapse\",\"width_expand\":\"left\"},\"children\":[{\"type\":\"column\",\"props\":{\"css\":\"@media(max-width: 959px) {\\n    .el-column > * { min-height: 350px!important; }\\n}\",\"image\":\"wp-content\/uploads\/2026\/02\/PXL_20250925_132514779-1.MP_-scaled.jpg\",\"image_position\":\"center-center\",\"image_size\":\"cover\",\"image_width\":\"1280\",\"position_sticky_breakpoint\":\"m\",\"width_medium\":\"1-2\"}},{\"type\":\"column\",\"props\":{\"image_position\":\"center-center\",\"position_sticky_breakpoint\":\"m\",\"style\":\"tile-default\",\"vertical_align\":\"middle\",\"width_medium\":\"1-2\"},\"children\":[{\"type\":\"headline\",\"props\":{\"block_align\":\"center\",\"content\":\"BPJEPS \u00e9quitation\",\"image_align\":\"left\",\"image_margin\":\"xsmall\",\"margin_bottom\":\"xsmall\",\"margin_top\":\"medium\",\"maxwidth\":\"large\",\"title_element\":\"h2\",\"title_style\":\"heading-medium\"}},{\"type\":\"headline\",\"props\":{\"block_align\":\"center\",\"content\":\"Double dipl\u00f4me en \u00e9quitation \u00e9thologique\",\"image_align\":\"left\",\"image_margin\":\"xsmall\",\"margin_top\":\"remove\",\"maxwidth\":\"large\",\"title_color\":\"secondary\",\"title_element\":\"h1\",\"title_style\":\"h3\"}},{\"type\":\"text\",\"props\":{\"block_align\":\"center\",\"column_breakpoint\":\"m\",\"content\":\"Avec cette formation vous devenez enseignant d\u2019\u00e9quitation, avec <b>une double comp\u00e9tence en \u00e9quitation \u00e9thologique.<\/b> Vous pr\u00e9parez 2 dipl\u00f4mes : le BPEJPS et un CCIEE ou un CCPEE (si vous avez d\u00e9j\u00e0 obtenu un dipl\u00f4me de niveau III).\\n\n\nLe Haras de Nantes Acad\u00e9mie estime indispensable d\u2019adjoindre \u00e0 l\u2019\u00e9quitation traditionnelle une qualification en \u00e9quitation \u00e9thologique, int\u00e9grant ainsi la connaissance du comportement du cheval, la relation avec l\u2019Homme comme des fondamentaux d\u2019un enseignement de qualit\u00e9.\\n\\n\",\"dropcap\":false,\"margin_bottom\":\"default\",\"margin_top\":\"default\",\"maxwidth\":\"large\",\"text_color\":\"emphasis\"}},{\"type\":\"button\",\"props\":{\"block_align\":\"center\",\"button_size\":\"large\",\"fullwidth\":true,\"grid_column_gap\":\"\",\"grid_row_gap\":\"small\",\"margin_bottom\":\"default\",\"margin_top\":\"medium\",\"maxwidth\":\"large\"},\"children\":[{\"type\":\"button_item\",\"props\":{\"button_style\":\"default\",\"content\":\"Demandez le programme\",\"dialog_layout\":\"modal\",\"dialog_offcanvas_flip\":true,\"icon_align\":\"left\",\"link\":\"contact\/\",\"link_target\":true}}]}]}]}],\"name\":\"Lessons\"},{\"type\":\"section\",\"props\":{\"animation\":\"slide-bottom-medium\",\"image_position\":\"center-center\",\"overlap\":false,\"padding_bottom\":\"none\",\"padding_remove_horizontal\":true,\"padding_top\":\"none\",\"style\":\"muted\",\"title_breakpoint\":\"xl\",\"title_position\":\"top-left\",\"title_rotation\":\"left\",\"vertical_align\":\"middle\",\"width\":\"default\"},\"children\":[{\"type\":\"row\",\"children\":[{\"type\":\"column\",\"props\":{\"image\":\"wp-content\/uploads\/2026\/02\/badge-bg-01-2-blanc-carre.svg\",\"image_position\":\"center-right\",\"image_width\":550,\"position_sticky_breakpoint\":\"m\",\"preserve_color\":false,\"style\":\"tile-muted\"},\"children\":[{\"type\":\"headline\",\"props\":{\"content\":\"Pourquoi se former chez nous ? \",\"image_align\":\"left\",\"image_margin\":\"xsmall\",\"margin_bottom\":\"remove\",\"margin_top\":\"remove\",\"text_align\":\"left\",\"text_align_breakpoint\":\"s\",\"text_align_fallback\":\"center\",\"title_color\":\"secondary\",\"title_element\":\"h1\",\"title_font_family\":\"tertiary\",\"title_style\":\"h3\"}},{\"type\":\"headline\",\"props\":{\"content\":\"Les avantages de l'Acad\u00e9mie\",\"image_align\":\"left\",\"image_margin\":\"xsmall\",\"margin_top\":\"remove\",\"text_align\":\"left\",\"text_align_breakpoint\":\"s\",\"text_align_fallback\":\"center\",\"title_element\":\"h1\",\"title_style\":\"heading-small\"}},{\"type\":\"grid\",\"props\":{\"animation\":\"fade\",\"block_align\":\"center\",\"content_column_breakpoint\":\"m\",\"content_margin\":\"xsmall\",\"filter_align\":\"left\",\"filter_all\":true,\"filter_grid_breakpoint\":\"m\",\"filter_grid_width\":\"auto\",\"filter_position\":\"top\",\"filter_style\":\"tab\",\"grid_default\":\"1\",\"grid_medium\":\"4\",\"image_align\":\"top\",\"image_grid_breakpoint\":\"m\",\"image_grid_width\":\"1-2\",\"image_height\":50,\"image_svg_color\":\"emphasis\",\"item_animation\":true,\"lightbox_bg_close\":true,\"link_style\":\"default\",\"link_text\":\"Read more\",\"margin_bottom\":\"default\",\"margin_top\":\"default\",\"meta_align\":\"below-title\",\"meta_element\":\"div\",\"meta_style\":\"text-meta\",\"show_content\":true,\"show_hover_image\":true,\"show_hover_video\":true,\"show_image\":true,\"show_link\":true,\"show_meta\":true,\"show_title\":true,\"show_video\":true,\"text_align\":\"left\",\"text_align_breakpoint\":\"s\",\"text_align_fallback\":\"center\",\"title_align\":\"top\",\"title_element\":\"h3\",\"title_font_family\":\"secondary\",\"title_grid_breakpoint\":\"m\",\"title_grid_width\":\"1-2\",\"title_hover_style\":\"reset\",\"title_margin\":\"xsmall\",\"title_style\":\"text-lead\"},\"children\":[{\"type\":\"grid_item\",\"props\":{\"content\":\"Avec le CCIEE\/CCPPEE. Pour une formation technique, compl\u00e8te et humaine dans le respect des animaux. \",\"image\":\"wp-content\/uploads\/2026\/02\/Fichier-14.svg\",\"title\":\"Double dipl\u00f4me \u00e9quitation \u00e9thologique\"}},{\"type\":\"grid_item\",\"props\":{\"content\":\"Mar\u00e9chal-ferrant, v\u00e9t\u00e9rinaire, saddle fitter,\\nost\u00e9opathe, dentiste \u00e9quin, masseur \u00e9quin,\\njuriste sp\u00e9cialis\u00e9 en droit \u00e9quin\u2026\",\"image\":\"wp-content\/uploads\/2026\/02\/Fichier-13.svg\",\"title\":\"Intervention de professionnels\"}},{\"type\":\"grid_item\",\"props\":{\"content\":\"Comme le TREC, voltige, Pony Game, attelage, art \u00e9questre et bien d'autres encore\",\"image\":\"wp-content\/uploads\/2026\/02\/Fichier-11.svg\",\"title\":\"D\u00e9couverte de nombreuses disciplines\"}},{\"type\":\"grid_item\",\"props\":{\"content\":\"Congr\u00e9s des Poneys au Parc Equestre F\u00e9d\u00e9ral, Salon du cheval \u00e0 Angers, Mondial du Lion... Pour vivre les temps forts de l'\u00e9quitations\",\"image\":\"wp-content\/uploads\/2026\/02\/Fichier-12.svg\",\"title\":\"Participation \u00e0 des \u00e9v\u00e8nements \u00e9questre\"}}]}]}],\"props\":{\"margin_bottom\":\"remove\",\"margin_top\":\"remove\",\"width\":\"xlarge\"}}],\"name\":\"Pourquoi se former \u00e0 l'acad\u00e9mie\"},{\"type\":\"section\",\"props\":{\"animation\":\"slide-left-medium\",\"image_position\":\"center-center\",\"padding_bottom\":\"none\",\"padding_top\":\"none\",\"style\":\"default\",\"title_breakpoint\":\"xl\",\"title_position\":\"top-left\",\"title_rotation\":\"left\",\"vertical_align\":\"\",\"width\":\"\",\"width_expand\":\"left\"},\"children\":[{\"type\":\"row\",\"props\":{\"column_gap\":\"collapse\",\"id\":\"advanced\",\"layout\":\"1-2,1-2\",\"margin_bottom\":\"remove\",\"margin_top\":\"remove\",\"row_gap\":\"collapse\",\"width_expand\":\"left\"},\"children\":[{\"type\":\"column\",\"props\":{\"css\":\"@media(max-width: 959px) {\\n    .el-column > * { min-height: 350px!important; }\\n}\",\"image\":\"wp-content\/uploads\/2026\/03\/PXL_20260202_152101340-scaledv2.jpg\",\"image_position\":\"center-center\",\"image_size\":\"cover\",\"image_width\":\"1280\",\"position_sticky_breakpoint\":\"m\",\"width_medium\":\"1-2\"}},{\"type\":\"column\",\"props\":{\"image_position\":\"center-center\",\"order_first\":\"m\",\"position_sticky_breakpoint\":\"m\",\"style\":\"tile-default\",\"vertical_align\":\"middle\",\"width_medium\":\"1-2\"},\"children\":[{\"type\":\"headline\",\"props\":{\"block_align\":\"center\",\"content\":\"Organisation de la formation\",\"image_align\":\"left\",\"image_margin\":\"xsmall\",\"margin_bottom\":\"small\",\"margin_top\":\"small\",\"maxwidth\":\"large\",\"title_element\":\"h2\"}},{\"type\":\"text\",\"props\":{\"block_align\":\"center\",\"column_breakpoint\":\"m\",\"content\":\"\n\n<p><span>Tout au long de l\u2019ann\u00e9e, vous suivez des enseignements th\u00e9oriques et pratiques, au centre de formation et en entreprise. Notre \u00e9quipe p\u00e9dagogique vous accompagne dans la recherche d\u2019apprentissage.<\/span><\/p>\n\n\",\"dropcap\":false,\"margin_bottom\":\"default\",\"margin_top\":\"default\",\"maxwidth\":\"large\",\"text_color\":\"emphasis\"}},{\"type\":\"table\",\"props\":{\"block_align\":\"center\",\"image_svg_color\":\"emphasis\",\"image_svg_inline\":true,\"image_width\":30,\"link_style\":\"default\",\"link_text\":\"Read more\",\"maxwidth\":\"large\",\"meta_color\":\"emphasis\",\"meta_style\":\"h5\",\"show_content\":true,\"show_image\":true,\"show_link\":true,\"show_meta\":true,\"show_title\":false,\"table_hover\":true,\"table_justify\":false,\"table_order\":\"2\",\"table_responsive\":\"overflow\",\"table_vertical_align\":false,\"table_width_meta\":\"shrink\",\"table_width_title\":\"shrink\",\"title_style\":\"h6\"},\"children\":[{\"type\":\"table_item\",\"props\":{\"content\":\"\n\n<p><span>11 mois (1 615h dont 635h au centre de formation et 980 en mise en situation professionnelle)<\/span><\/p>\n\n\",\"image\":\"wp-content\/uploads\/2026\/02\/calendar.png\",\"meta\":\"Dur\u00e9e\",\"title\":\"Dur\u00e9e\"}},{\"type\":\"table_item\",\"props\":{\"content\":\"\n\n<p><span>Lundi et mardi en centre de formation<\/span><\/p>\n\n\",\"image\":\"wp-content\/uploads\/2026\/02\/briefcase.png\",\"meta\":\"Rythme <br \/> alternance\",\"title\":\"Rythme alternance\"}}]},{\"type\":\"headline\",\"props\":{\"block_align\":\"center\",\"content\":\"Pr\u00e9requis\",\"image_align\":\"left\",\"image_margin\":\"xsmall\",\"margin_bottom\":\"small\",\"margin_top\":\"medium\",\"maxwidth\":\"large\",\"title_element\":\"h2\"}},{\"type\":\"table\",\"props\":{\"block_align\":\"center\",\"image_svg_color\":\"emphasis\",\"image_svg_inline\":true,\"image_width\":30,\"link_style\":\"default\",\"link_text\":\"Read more\",\"maxwidth\":\"large\",\"meta_color\":\"emphasis\",\"meta_style\":\"h5\",\"show_content\":true,\"show_image\":true,\"show_link\":true,\"show_meta\":true,\"show_title\":false,\"table_hover\":true,\"table_justify\":false,\"table_order\":\"2\",\"table_responsive\":\"overflow\",\"table_vertical_align\":false,\"table_width_meta\":\"shrink\",\"table_width_title\":\"shrink\",\"title_style\":\"h6\"},\"children\":[{\"type\":\"table_item\",\"props\":{\"content\":\"\n\n<p><span>\u00a0\u00catre \u00e2g\u00e9 de 18 ans et plus<\/span><\/p>\n\n\",\"image\":\"wp-content\/uploads\/2026\/02\/profile.png\",\"meta\":\"Age\",\"title\":\"Age\"}},{\"type\":\"table_item\",\"props\":{\"content\":\"\n\n<ul>\\n\n\n<li><span>\u00catre titulaire de la <strong>PSC 1<\/strong> (Pr\u00e9vention et secours civiques de niveau 1)<\/span><\/li>\n\n\\n\n\n<li>\u00catre en possession d\u2019une <strong>licence f\u00e9d\u00e9rale<\/strong> valide<\/li>\n\n\\n\n\n<li>\u00catre en possession d\u2019un<strong> certificat m\u00e9dical<\/strong> datant de moins de 3 mois \u00e0 la cl\u00f4ture des inscriptions<\/li>\n\n\\n<\/ul>\n\n\",\"image\":\"wp-content\/uploads\/2026\/02\/document.png\",\"meta\":\"Documents\",\"title\":\"Documents\"}}]}]}]},{\"type\":\"row\",\"props\":{\"column_gap\":\"collapse\",\"id\":\"kids\",\"layout\":\"1-2,1-2\",\"margin_bottom\":\"remove\",\"margin_top\":\"remove\",\"row_gap\":\"collapse\",\"width_expand\":\"left\"},\"children\":[{\"type\":\"column\",\"props\":{\"css\":\"@media(max-width: 959px) {\\n    .el-column > * { min-height: 350px!important; }\\n}\",\"image\":\"wp-content\/uploads\/2026\/02\/DSC_5852-scaled.jpg\",\"image_position\":\"center-center\",\"image_size\":\"cover\",\"image_width\":\"1280\",\"position_sticky_breakpoint\":\"m\",\"width_medium\":\"1-2\"}},{\"type\":\"column\",\"props\":{\"image_position\":\"center-center\",\"padding\":\"large\",\"position_sticky_breakpoint\":\"m\",\"style\":\"tile-default\",\"vertical_align\":\"middle\",\"width_medium\":\"1-2\"},\"children\":[{\"type\":\"headline\",\"props\":{\"block_align\":\"center\",\"content\":\"Conditions d'admission\",\"image_align\":\"left\",\"image_margin\":\"xsmall\",\"margin_bottom\":\"remove\",\"margin_top\":\"medium\",\"maxwidth\":\"large\",\"title_element\":\"h2\",\"title_style\":\"h1\"}},{\"type\":\"headline\",\"props\":{\"block_align\":\"center\",\"content\":\"Valider un niveau d'entr\u00e9e\",\"image_align\":\"left\",\"image_margin\":\"xsmall\",\"margin_bottom\":\"remove\",\"margin_top\":\"small\",\"maxwidth\":\"large\",\"title_element\":\"h2\",\"title_style\":\"h4\"}},{\"type\":\"text\",\"props\":{\"block_align\":\"center\",\"column_breakpoint\":\"m\",\"content\":\"\n\n<p><span>Avec une validation d\u2019un TEP (Test Exigences Pr\u00e9alables) ou de la CEP 3 (Capacit\u00e9 Equestre Professionnelle de niveau 3). Equivalent aux attendus techniques du galop 7<\/span><\/p>\n\n\",\"dropcap\":false,\"margin_bottom\":\"default\",\"margin_top\":\"xsmall\",\"maxwidth\":\"large\",\"text_color\":\"emphasis\"}},{\"type\":\"button\",\"props\":{\"block_align\":\"center\",\"fullwidth\":true,\"grid_column_gap\":\"\",\"grid_row_gap\":\"small\",\"margin_bottom\":\"default\",\"margin_top\":\"default\",\"maxwidth\":\"large\"},\"children\":[{\"type\":\"button_item\",\"props\":{\"button_style\":\"primary\",\"content\":\"S\u2019inscrire aux TEP organis\u00e9s au Haras de Nantes\",\"dialog_layout\":\"modal\",\"dialog_offcanvas_flip\":true,\"icon_align\":\"left\",\"link\":\"https:\/\/docs.google.com\/forms\/d\/e\/1FAIpQLSeFnWhfi73Iuz9BMDFixI31Q2qZ-dYXTckGRLfvvzJ9zYOsAg\/viewform?usp=header\",\"link_target\":true}}]},{\"type\":\"headline\",\"props\":{\"block_align\":\"center\",\"content\":\"Participer aux tests de s\u00e9lection\",\"image_align\":\"left\",\"image_margin\":\"xsmall\",\"margin_bottom\":\"remove\",\"margin_top\":\"large\",\"maxwidth\":\"large\",\"title_element\":\"h2\",\"title_style\":\"h4\"}},{\"type\":\"text\",\"props\":{\"block_align\":\"center\",\"column_breakpoint\":\"m\",\"content\":\"\n\n<ul class=\\\"wp-block-list has-small-font-size\\\">\\n\n\n<li>Un expos\u00e9 oral du projet professionnel suivi d\u2019un entretien ~20 min<\/li>\n\n\\n\n\n<li>Une \u00e9preuve \u00e9crite (th\u00e8me \u00e9questre) pour \u00e9valuer la ma\u00eetrise du fran\u00e7ais ~1h30<\/li>\n\n\\n\n\n<li>Un questionnaire de connaissances g\u00e9n\u00e9rales \u00e9questre ~15 min<\/li>\n\n\\n\n\n<li>Une \u00e9valuation \u00e0 cheval lors d\u2019un travail impos\u00e9 par la responsable p\u00e9dagogique ~ 30 min<\/li>\n\n\\n<\/ul>\n\n\",\"dropcap\":false,\"margin_bottom\":\"default\",\"margin_top\":\"xsmall\",\"maxwidth\":\"large\",\"text_color\":\"emphasis\"}},{\"type\":\"button\",\"props\":{\"block_align\":\"center\",\"fullwidth\":true,\"grid_column_gap\":\"\",\"grid_row_gap\":\"small\",\"margin_bottom\":\"default\",\"margin_top\":\"default\",\"maxwidth\":\"large\"},\"children\":[{\"type\":\"button_item\",\"props\":{\"button_style\":\"primary\",\"content\":\"S\u2019inscrire aux tests de s\u00e9lection\",\"dialog_layout\":\"modal\",\"dialog_offcanvas_flip\":true,\"icon_align\":\"left\",\"link\":\"https:\/\/docs.google.com\/forms\/d\/e\/1FAIpQLScwj_MGJQR9D9lcDQd7sR8L72PMUEg-SmerJI6l6uNa4-evoA\/viewform?usp=dialog\",\"link_target\":true}}]}]}]}],\"name\":\"Lessons\"},{\"type\":\"section\",\"props\":{\"animation\":\"slide-bottom-medium\",\"image_position\":\"center-center\",\"style\":\"secondary\",\"title_breakpoint\":\"xl\",\"title_position\":\"top-left\",\"title_rotation\":\"left\",\"vertical_align\":\"middle\",\"width\":\"default\"},\"children\":[{\"type\":\"row\",\"props\":{\"padding_remove_horizontal\":false,\"width\":\"default\"},\"children\":[{\"type\":\"column\",\"props\":{\"image_position\":\"center-center\",\"position_sticky_breakpoint\":\"m\"},\"children\":[{\"type\":\"headline\",\"props\":{\"content\":\"Dates cl\u00e9s de la formation\",\"image_align\":\"left\",\"image_margin\":\"xsmall\",\"margin_bottom\":\"medium\",\"margin_top\":\"small\",\"text_align\":\"center\",\"title_element\":\"div\",\"title_font_family\":\"tertiary\",\"title_style\":\"h2\"}},{\"type\":\"grid\",\"props\":{\"animation\":\"fade\",\"content_align\":false,\"content_column_breakpoint\":\"m\",\"content_margin\":\"remove\",\"filter_align\":\"left\",\"filter_all\":true,\"filter_grid_breakpoint\":\"m\",\"filter_grid_width\":\"auto\",\"filter_position\":\"top\",\"filter_style\":\"tab\",\"grid_column_align\":false,\"grid_default\":\"1\",\"grid_divider\":true,\"grid_medium\":\"5\",\"grid_row_align\":false,\"grid_small\":\"5\",\"image_align\":\"top\",\"image_grid_breakpoint\":\"m\",\"image_grid_width\":\"1-2\",\"image_svg_color\":\"emphasis\",\"item_animation\":true,\"lightbox_bg_close\":true,\"link_fullwidth\":true,\"link_style\":\"default\",\"link_target\":true,\"link_text\":\"Read more\",\"margin_bottom\":\"default\",\"margin_top\":\"default\",\"meta_align\":\"below-title\",\"meta_element\":\"div\",\"meta_style\":\"text-meta\",\"show_content\":true,\"show_hover_image\":true,\"show_hover_video\":true,\"show_image\":true,\"show_link\":true,\"show_meta\":true,\"show_title\":true,\"show_video\":true,\"text_align\":\"left\",\"text_align_breakpoint\":\"s\",\"text_align_fallback\":\"center\",\"title_align\":\"top\",\"title_element\":\"h3\",\"title_grid_breakpoint\":\"m\",\"title_grid_width\":\"1-2\",\"title_hover_style\":\"reset\",\"title_style\":\"h3\"},\"children\":[{\"type\":\"grid_item\",\"props\":{\"content\":\"\n\n<p>Passage des TEP au Haras de Nantes<\/p>\n\n\",\"link\":\"https:\/\/docs.google.com\/forms\/d\/e\/1FAIpQLSeFnWhfi73Iuz9BMDFixI31Q2qZ-dYXTckGRLfvvzJ9zYOsAg\/viewform?usp=header\",\"link_style\":\"link-text\",\"link_text\":\"S'inscrire aux TEP\",\"meta\":\"\",\"title\":\"\u00c0 partir d'Avril\"}},{\"type\":\"grid_item\",\"props\":{\"content\":\"R\u00e9sultats des s\u00e9lections\",\"link_text\":\"S'inscrire aux TEP\",\"meta\":\"\",\"title\":\"30 Juillet\"}},{\"type\":\"grid_item\",\"props\":{\"content\":\"Rentr\u00e9e des classes\",\"link_text\":\"S'inscrire aux TEP\",\"meta\":\"\",\"title\":\"31 ao\u00fbt\"}},{\"type\":\"grid_item\",\"props\":{\"content\":\"Examen BPJEPS\",\"link_text\":\"S'inscrire aux TEP\",\"meta\":\"\",\"title\":\"Fin mars \u00e0 mai 2027\"}},{\"type\":\"grid_item\",\"props\":{\"content\":\"Examen CCIEE & CCPEE\",\"link_text\":\"S'inscrire aux TEP\",\"meta\":\"\",\"title\":\"Juillet 2027\"}}]}]}]}],\"name\":\"Date cl\u00e9\"},{\"type\":\"section\",\"props\":{\"animation\":\"fade\",\"id\":\"faq\",\"image_position\":\"center-center\",\"overlap\":false,\"padding_bottom\":\"large\",\"padding_remove_horizontal\":false,\"preserve_color\":true,\"style\":\"default\",\"title_breakpoint\":\"xl\",\"title_position\":\"top-left\",\"title_rotation\":\"left\",\"vertical_align\":\"\",\"width\":\"default\"},\"children\":[{\"type\":\"row\",\"children\":[{\"type\":\"column\",\"props\":{\"image_position\":\"center-center\",\"position_sticky_breakpoint\":\"m\",\"width_medium\":\"1-1\"},\"children\":[{\"type\":\"headline\",\"props\":{\"content\":\"Qu'est-ce qu'on apprend ?\",\"image_align\":\"left\",\"image_margin\":\"xsmall\",\"margin_bottom\":\"small\",\"margin_top\":\"small\",\"title_color\":\"primary\",\"title_element\":\"div\",\"title_font_family\":\"tertiary\",\"title_style\":\"h3\"}},{\"type\":\"headline\",\"props\":{\"content\":\"Les objectifs de la formation\",\"image_align\":\"left\",\"image_margin\":\"xsmall\",\"margin_top\":\"remove\",\"maxwidth\":\"2xlarge\",\"title_element\":\"h2\"}},{\"type\":\"text\",\"props\":{\"column_breakpoint\":\"m\",\"content\":\"\n\n<p>A l\u2019issue de la formation, vous aurez d\u00e9velopp\u00e9 les aptitudes et comp\u00e9tences suivantes, certifi\u00e9es par quatre blocs de comp\u00e9tences pour le BPJEPS et quatre modalit\u00e9s pour le CCIEE et le CCPEE. Les blocs et les modalit\u00e9s sont valid\u00e9s de mani\u00e8re ind\u00e9pendante.<\/p>\n\n\",\"margin_bottom\":\"default\",\"margin_top\":\"default\",\"maxwidth\":\"2xlarge\"}},{\"type\":\"accordion\",\"props\":{\"animation\":\"fade\",\"collapsible\":true,\"content_column_breakpoint\":\"m\",\"image_align\":\"top\",\"image_grid_breakpoint\":\"m\",\"image_grid_width\":\"1-2\",\"image_svg_color\":\"emphasis\",\"link_style\":\"default\",\"link_text\":\"Read more\",\"show_image\":true,\"show_link\":true},\"children\":[{\"type\":\"accordion_item\",\"props\":{\"content\":\"\n\n<ul>\\n\n\n<li><strong>BC 1 :<\/strong> Soutenance d\u2019un projet d\u2019animation dans la structure. Evalu\u00e9 sur la nature du projet, structure du dossier, exhaustivit\u00e9 des informations, qualit\u00e9 de la pr\u00e9sentation<\/li>\n\n\\n\n\n<li><strong>BC 2 :<\/strong> Pr\u00e9sentation de plusieurs projets s\u2019inscrivant dans la structure d\u2019accueil et s\u2019adaptant aux diff\u00e9rents publics<\/li>\n\n\\n\n\n<li><strong>BC 3 :<\/strong> Concevoir, conduire en s\u00e9curit\u00e9 et \u00e9valuer des s\u00e9ances et des cycles de s\u00e9ances d\u2019apprentissage des activit\u00e9s \u00e9questres dans le cadre du projet et de l\u2019organisation de travail de la structure<\/li>\n\n\\n\n\n<li><strong>BC 4 :<\/strong> Assurer les soins, la gestion et l\u2019\u00e9ducation des \u00e9quid\u00e9s ainsi que l\u2019entretien des mat\u00e9riels p\u00e9dagogiques sp\u00e9cifiques aux activit\u00e9s \u00e9questres<\/li>\n\n\\n<\/ul>\n\n\",\"title\":\"BPJEPS\"}},{\"type\":\"accordion_item\",\"props\":{\"content\":\"\n\n<ul class=\\\"wp-block-list has-small-font-size\\\">\\n\n\n<li>Int\u00e9gration de la pratique de l\u2019\u00e9quitation \u00e9thologique au projet p\u00e9dagogique de la structure \u00e9questre<\/li>\n\n\\n\n\n<li>Pr\u00e9paration de cycles, de s\u00e9ances d\u2019initiation \u00e0 l\u2019\u00e9quitation \u00e9thologique<\/li>\n\n\\n\n\n<li>Conduite de s\u00e9ance d\u2019initiation \u00e0 l\u2019\u00e9quitation \u00e9thologique \u00e0 pied<\/li>\n\n\\n\n\n<li>\u00c9valuation de s\u00e9ance d\u2019initiation \u00e0 l\u2019\u00e9quitation \u00e9thologique<\/li>\n\n\\n<\/ul>\n\n\",\"title\":\"CCIEE\"}},{\"type\":\"accordion_item\",\"props\":{\"content\":\"\n\n<ul class=\\\"wp-block-list has-small-font-size\\\">\\n\n\n<li>Pr\u00e9paration de cycles, de s\u00e9ances de perfectionnement en \u00e9quitation \u00e9thologique.<\/li>\n\n\\n\n\n<li>Conduite de s\u00e9ances de perfectionnement en \u00e9quitation \u00e9thologique.<\/li>\n\n\\n\n\n<li>\u00c9valuation de s\u00e9ances de perfectionnement en \u00e9quitation \u00e9thologique.<\/li>\n\n\\n\n\n<li>Mise en oeuvre d\u2019un programme de travail pour un \u00e9quid\u00e9 destin\u00e9 \u00e0 l\u2019apprentissage de l\u2019\u00e9quitation \u00e9thologique.<\/li>\n\n\\n<\/ul>\n\n\",\"title\":\"CCPEE\"}}]}]}],\"props\":{\"padding_remove_horizontal\":true,\"width\":\"default\"}}],\"name\":\"Objectifs de formation\"},{\"type\":\"section\",\"props\":{\"animation\":\"fade\",\"image\":\"wp-content\/uploads\/2026\/02\/DSC_0111-scaled.jpg\",\"image_position\":\"center-left\",\"image_size\":\"cover\",\"media_overlay\":\"rgba(0, 0, 0, 0.38)\",\"padding_bottom\":\"large\",\"padding_top\":\"large\",\"style\":\"muted\",\"title_breakpoint\":\"l\",\"title_position\":\"center-right\",\"title_rotation\":\"left\",\"vertical_align\":\"\",\"width\":\"xlarge\",\"width_expand\":\"left\"},\"children\":[{\"type\":\"row\",\"children\":[{\"type\":\"column\",\"props\":{\"image_effect\":\"parallax\",\"image_parallax_bgy\":\"-5vw,4vw\",\"image_parallax_easing\":\"1\",\"image_position\":\"center-center\",\"image_size\":\"cover\",\"image_width\":\"2260\",\"media_background\":\"rgba(0, 0, 0, 0.55)\",\"media_overlay\":\"rgba(31, 21, 0, 0.75)\",\"padding\":\"large\",\"position_sticky_breakpoint\":\"m\",\"text_color\":\"light\"},\"children\":[{\"type\":\"headline\",\"props\":{\"block_align\":\"center\",\"content\":\"Besoin de pr\u00e9paration ?\",\"image_align\":\"left\",\"image_margin\":\"xsmall\",\"margin_bottom\":\"small\",\"margin_top\":\"small\",\"maxwidth\":\"2xlarge\",\"text_align\":\"left\",\"title_element\":\"div\",\"title_font_family\":\"tertiary\",\"title_style\":\"h3\",\"title_text_stroke\":false}},{\"type\":\"headline\",\"props\":{\"block_align\":\"center\",\"content\":\"Soyez pr\u00eat pour les tests de s\u00e9lection et TEP\",\"image_align\":\"left\",\"image_margin\":\"xsmall\",\"margin_bottom\":\"medium\",\"margin_top\":\"remove\",\"maxwidth\":\"2xlarge\",\"text_align\":\"left\",\"title_element\":\"h2\",\"title_style\":\"h1\"}},{\"type\":\"grid\",\"props\":{\"block_align\":\"center\",\"content_column_breakpoint\":\"m\",\"filter_align\":\"left\",\"filter_all\":true,\"filter_grid_breakpoint\":\"m\",\"filter_grid_width\":\"auto\",\"filter_position\":\"top\",\"filter_style\":\"tab\",\"grid_default\":\"1\",\"grid_divider\":true,\"grid_medium\":\"3\",\"image_align\":\"top\",\"image_grid_breakpoint\":\"m\",\"image_grid_width\":\"1-2\",\"image_svg_color\":\"emphasis\",\"item_animation\":true,\"lightbox_bg_close\":true,\"link_style\":\"default\",\"link_text\":\"Read more\",\"margin_bottom\":\"medium\",\"margin_top\":\"default\",\"maxwidth\":\"2xlarge\",\"meta_align\":\"below-title\",\"meta_element\":\"div\",\"meta_style\":\"text-meta\",\"show_content\":true,\"show_hover_image\":true,\"show_hover_video\":true,\"show_image\":true,\"show_link\":true,\"show_meta\":false,\"show_title\":true,\"show_video\":true,\"title_align\":\"top\",\"title_element\":\"h3\",\"title_grid_breakpoint\":\"m\",\"title_grid_width\":\"1-2\",\"title_hover_style\":\"reset\"},\"children\":[{\"type\":\"grid_item\",\"props\":{\"content\":\"Pour \u00e9valuer votre niveau \u00e9questre en vue de l\u2019examen que vous visez. Ces s\u00e9ances sont r\u00e9alis\u00e9es par un enseignant ma\u00eetrisant le r\u00e9f\u00e9rentiel technique attendu. Vous repartez avec les \u00e9carts \u00e9ventuels et les points \u00e0 perfectionner avec votre coach ou en autonomie. \",\"meta\":\"La s\u00e9ance diagnostic\",\"title\":\"La s\u00e9ance diagnostique\"}},{\"type\":\"grid_item\",\"props\":{\"content\":\"Un programme en 9 s\u00e9ances pour travailler vos points faibles en vue des tests. Ces s\u00e9ances permettent aussi de d\u00e9couvrir la cavalerie sur laquelle vous passerez vos tests dans le cas o\u00f9 vous ne venez pas avec votre monture.\",\"meta\":\"Le forfait de pr\u00e9paration\",\"title\":\"Le forfait de pr\u00e9paration\"}},{\"type\":\"grid_item\",\"props\":{\"content\":\"\n\n<p>Pens\u00e9 pour les candidats g\u00e9ographiquement \u00e9loign\u00e9s afin de leur apporter une solution de monter en comp\u00e9tences sur un temps court. Compos\u00e9 de 4 s\u00e9ances en 2 jours, vous optimisez votre temps sur site.<\/p>\n\n\",\"meta\":\"Le forfait intensif\",\"title\":\"Le forfait intensif\"}}]},{\"type\":\"button\",\"props\":{\"block_align\":\"center\",\"button_size\":\"large\",\"fullwidth\":false,\"grid_column_gap\":\"small\",\"grid_row_gap\":\"small\",\"margin_bottom\":\"default\",\"margin_top\":\"default\",\"maxwidth\":\"2xlarge\",\"text_align\":\"left\"},\"children\":[{\"type\":\"button_item\",\"props\":{\"button_style\":\"default\",\"content\":\"Inscrivez vous aux pr\u00e9parations des tests\",\"dialog_layout\":\"modal\",\"dialog_offcanvas_flip\":true,\"icon_align\":\"left\",\"link\":\"https:\/\/docs.google.com\/forms\/d\/e\/1FAIpQLSeUBvcCOKCfs1j08A3Q3KERtSJh6KVlc3XcojMpsohicpoblQ\/viewform?usp=header\",\"link_target\":true}}]}]}]}],\"name\":\"Pr\u00e9pa TEP\"},{\"type\":\"section\",\"props\":{\"animation\":\"slide-bottom\",\"image\":\"wp-content\/uploads\/2026\/02\/test-2-scaled.png\",\"image_position\":\"center-center\",\"image_size\":\"cover\",\"overlap\":true,\"padding_bottom\":\"large\",\"padding_top\":\"large\",\"style\":\"default\",\"title_breakpoint\":\"xl\",\"title_position\":\"top-left\",\"title_rotation\":\"left\",\"vertical_align\":\"middle\",\"width\":\"default\"},\"children\":[{\"type\":\"row\",\"children\":[{\"type\":\"column\",\"props\":{\"image_position\":\"center-center\",\"position_sticky_breakpoint\":\"m\"},\"children\":[{\"type\":\"headline\",\"props\":{\"block_align\":\"center\",\"content\":\"Vous voulez en savoir plus sur notre formation BPJEPS ?\\n\",\"image_align\":\"left\",\"image_margin\":\"xsmall\",\"maxwidth\":\"xlarge\",\"text_align\":\"center\",\"title_element\":\"h1\"}},{\"type\":\"button\",\"props\":{\"block_align\":\"center\",\"button_size\":\"large\",\"fullwidth\":true,\"grid_column_gap\":\"small\",\"grid_row_gap\":\"small\",\"margin_bottom\":\"default\",\"margin_top\":\"medium\",\"maxwidth\":\"xlarge\"},\"children\":[{\"type\":\"button_item\",\"props\":{\"button_style\":\"primary\",\"content\":\"Contactez notre \u00e9quipe\",\"dialog_layout\":\"modal\",\"dialog_offcanvas_flip\":true,\"icon_align\":\"left\",\"link\":\"contact\/\",\"link_target\":true}}]}]}]}],\"name\":\"Contacts\"}],\"version\":\"5.0.11\"} --><\/p>\n","protected":false},"excerpt":{"rendered":"<p>Formation BPJEPS \u00c9quitation Dipl\u00f4me d\u2019Etat BPJEPS sp\u00e9cialit\u00e9 \u00ab Educateur sportif \u00bb mention \u00ab Equitation \u00bb Certificat de Comp\u00e9tences CCIEE (Initier \u00e0 l\u2019\u00c9quitation \u00c9thologique) Certificat de Comp\u00e9tences CCPEE (Perfectionner \u00e0 l\u2019\u00c9quitation \u00c9thologique) BPJEPS \u00e9quitation Double dipl\u00f4me en \u00e9quitation \u00e9thologique Avec cette formation vous devenez enseignant d\u2019\u00e9quitation, avec une double comp\u00e9tence en \u00e9quitation \u00e9thologique. Vous pr\u00e9parez 2 [&hellip;]<\/p>\n","protected":false},"author":1,"featured_media":0,"parent":0,"menu_order":0,"comment_status":"closed","ping_status":"closed","template":"","meta":{"footnotes":""},"class_list":["post-76","page","type-page","status-publish","hentry"],"_links":{"self":[{"href":"https:\/\/www.haras-de-nantes.fr\/academie\/wp-json\/wp\/v2\/pages\/76","targetHints":{"allow":["GET"]}}],"collection":[{"href":"https:\/\/www.haras-de-nantes.fr\/academie\/wp-json\/wp\/v2\/pages"}],"about":[{"href":"https:\/\/www.haras-de-nantes.fr\/academie\/wp-json\/wp\/v2\/types\/page"}],"author":[{"embeddable":true,"href":"https:\/\/www.haras-de-nantes.fr\/academie\/wp-json\/wp\/v2\/users\/1"}],"replies":[{"embeddable":true,"href":"https:\/\/www.haras-de-nantes.fr\/academie\/wp-json\/wp\/v2\/comments?post=76"}],"version-history":[{"count":90,"href":"https:\/\/www.haras-de-nantes.fr\/academie\/wp-json\/wp\/v2\/pages\/76\/revisions"}],"predecessor-version":[{"id":1321,"href":"https:\/\/www.haras-de-nantes.fr\/academie\/wp-json\/wp\/v2\/pages\/76\/revisions\/1321"}],"wp:attachment":[{"href":"https:\/\/www.haras-de-nantes.fr\/academie\/wp-json\/wp\/v2\/media?parent=76"}],"curies":[{"name":"wp","href":"https:\/\/api.w.org\/{rel}","templated":true}]}}