{"id":880,"date":"2026-02-18T16:43:04","date_gmt":"2026-02-18T15:43:04","guid":{"rendered":"https:\/\/www.haras-de-nantes.fr\/academie2\/?page_id=880"},"modified":"2026-03-06T10:22:05","modified_gmt":"2026-03-06T09:22:05","slug":"formation-educateur-jeunes-chevaux","status":"publish","type":"page","link":"https:\/\/www.haras-de-nantes.fr\/academie\/formation-educateur-jeunes-chevaux\/","title":{"rendered":"\u00c9ducateur jeune chevaux"},"content":{"rendered":"<div>Formation<\/div>\n<h1>\u00c9ducateur Jeunes Chevaux<\/h1>\n<div><center><center>Dipl\u00f4me d\u2019\u00e9cole EPGJCS<\/center>Certificat de Comp\u00e9tence CCIEE (Initier \u00e0 l\u2019\u00c9quitation \u00c9thologique) <br \/>Certificat de Comp\u00e9tence CCPEE (Perfectionner \u00e0 l\u2019\u00c9quitation \u00c9thologique)<\/center><\/div>\n<h2>\u00c9ducateur Jeunes Chevaux<\/h2>\n<h2>Double dipl\u00f4me en \u00e9qutation \u00e9thologique<\/h2>\n<div>\n<p>Cette formation vous permet de <strong>devenir \u00e9ducateur professionnel de jeunes chevaux, capable d\u2019assurer et d\u2019accompagner leur d\u00e9veloppement sportif de 2 \u00e0 3 ans<\/strong>. Votre connaissance du cheval, et de son fonctionnement sont valid\u00e9s par les 5 savoirs \u00e9thologiques, en compl\u00e9ment du dipl\u00f4me d\u2019\u00e9cole qui certifie votre capacit\u00e9 professionnelle d\u2019\u00e9ducateur de jeunes chevaux.<\/p>\n<p>Haras de Nantes Acad\u00e9mie ajoute une comp\u00e9tence p\u00e9dagogique au cursus, avec un dipl\u00f4me d\u2019enseignement en \u00e9quitation \u00e9thologique accessible aux personnes titulaires de la capacit\u00e9 \u00e0 encadrer des activit\u00e9s \u00e9questres.<\/p>\n<\/div>\n<p><p>\n        <a href=\"\/academie\/contact\/\">Demandez le programme<\/a>\n    <\/p>\n<\/p>\n<h2>Modalit\u00e9s de la formation<\/h2>\n<div>\n<p>Tout au long de l\u2019ann\u00e9e, vous suivez des enseignements th\u00e9oriques et pratiques avec des jeunes chevaux mis \u00e0 disposition pour la formation.<\/p>\n<\/div>\n<table>\n<tbody>\n<tr>\n<td>\n        <img decoding=\"async\" src=\"\/academie\/wp-content\/uploads\/2026\/02\/calendar.png\" alt=\"\">\n    <\/td>\n<td>Dur\u00e9e<\/td>\n<td>Dur\u00e9e<\/td>\n<td>\n<p><span>11 mois (1 590 heures de formation)<\/span><\/p>\n<\/td>\n<\/tr>\n<tr>\n<td>\n        <img decoding=\"async\" src=\"\/academie\/wp-content\/uploads\/2026\/02\/profile.png\" alt=\"\">\n    <\/td>\n<td>Stagiaires<\/td>\n<td>Stagiaires<\/td>\n<td>\n<p>2 stagiaires max par promotion<\/p>\n<\/td>\n<\/tr>\n<\/tbody>\n<\/table>\n<h2>Pr\u00e9requis<\/h2>\n<table>\n<tbody>\n<tr>\n<td>\n        <img decoding=\"async\" src=\"\/academie\/wp-content\/uploads\/2026\/02\/profile.png\" alt=\"\">\n    <\/td>\n<td>Age<\/td>\n<td>Age<\/td>\n<td>\n<p><span>\u00a0\u00catre \u00e2g\u00e9 de 18 ans et plus<\/span><\/p>\n<\/td>\n<\/tr>\n<tr>\n<td>\n        <img decoding=\"async\" src=\"\/academie\/wp-content\/uploads\/2026\/02\/document.png\" alt=\"\">\n    <\/td>\n<td>Documents<\/td>\n<td>Documents<\/td>\n<td>\n<ul>\n<li><span>\u00catre titulaire de la <strong>PSC 1<\/strong> (Pr\u00e9vention et secours civiques de niveau 1)<\/span><\/li>\n<li>Avoir un niveau <span>\u00a0<\/span><strong>Galop\u00ae 7<\/strong><\/li>\n<li>\u00catre en possession d\u2019une <strong>licence f\u00e9d\u00e9rale<\/strong> valide<\/li>\n<li>\u00catre en possession d\u2019un<strong> certificat m\u00e9dical<\/strong> datant de moins de 3 mois \u00e0 la cl\u00f4ture des inscriptions<\/li>\n<\/ul>\n<\/td>\n<\/tr>\n<\/tbody>\n<\/table>\n<h2>Participer au tests de s\u00e9lection<\/h2>\n<div>\n<ul class=\"wp-block-list has-small-font-size\">\n<li>Un expos\u00e9 oral du projet professionnel suivi d\u2019un entretien ~20 min<\/li>\n<li>Une \u00e9valuation \u00e0 cheval lors d\u2019un travail impos\u00e9 ~ 30 min<\/li>\n<\/ul>\n<\/div>\n<p><p>\n        <a href=\"https:\/\/www.haras-de-nantes.fr\/academie\/contact\/\">S\u2019inscrire aux tests de s\u00e9lection<\/a>\n    <\/p>\n<\/p>\n<div>Dates cl\u00e9s de la formation<\/div>\n<h1>2 promotions par an :\u00a0 septembre &amp; f\u00e9vrier<\/h1>\n<ul>\n<li>\n<h3>Promo Septembre<\/h3>\n<\/li>\n<li>\n<p>Septembre<\/p>\n<div>\n<p>Rentr\u00e9e<\/p>\n<\/div>\n<\/li>\n<li>\n<p>Octobre<\/p>\n<div>\n<p>\u00c9valuation Formative 1<\/p>\n<\/div>\n<\/li>\n<li>\n<p>Janvier<\/p>\n<div>\n<p>Examen CCIEE<\/p>\n<\/div>\n<\/li>\n<li>\n<p>Juillet<\/p>\n<div>\n<p>\u00c9valuation Finale + CCPEE<\/p>\n<\/div>\n<\/li>\n<\/ul>\n<hr>\n<ul>\n<li>\n<h3>Promo F\u00e9vrier<\/h3>\n<\/li>\n<li>\n<p>Janvier<\/p>\n<div>\n<p>Rentr\u00e9e<\/p>\n<\/div>\n<\/li>\n<li>\n<p>Mars<\/p>\n<div>\n<p>\u00c9valuation Formative 1<\/p>\n<\/div>\n<\/li>\n<li>\n<p>Juillet<\/p>\n<div>\n<p>Examen CCIEE<\/p>\n<\/div>\n<\/li>\n<li>\n<p>Janvier<\/p>\n<div>\n<p>\u00c9valuation Finale + CCPEE<\/p>\n<\/div>\n<\/li>\n<\/ul>\n<div>Qu&rsquo;est-ce qu&rsquo;on apprend ?<\/div>\n<h2>Les objectifs de la formation<\/h2>\n<div>A l\u2019issue de la formation, vous aurez d\u00e9velopp\u00e9 les aptitudes et comp\u00e9tences suivantes, certifi\u00e9es par quatre blocs de comp\u00e9tences pour le BPJEPS et quatre modalit\u00e9s pour le CCIEE et le CCPEE. Les blocs et les modalit\u00e9s sont valid\u00e9es de mani\u00e8re ind\u00e9pendante.<\/div>\n<ul>\n<li>\n<h3> EPGJCS<\/h3>\n<div>\n<ul>\n<li><strong>UC 1<\/strong> : Utiliser, adapter et entretenir les harnachements<\/li>\n<li><strong>UC 2<\/strong> : Appr\u00e9cier le mod\u00e8le et le potentiel d&rsquo;un jeune cheval<\/li>\n<li><strong>UC 3<\/strong> : Mettre en confiance et travailler un jeune cheval en vue de son d\u00e9bourrage<\/li>\n<li><strong>UC 4<\/strong> : Mettre en condition un jeune cheval en vue de sa participation aux concours d&rsquo;\u00e9levage<\/li>\n<li><strong>UC 5<\/strong> : D\u00e9bourrer et travailler de mani\u00e8re \u00e9l\u00e9mentaire un jeune cheval mont\u00e9<\/li>\n<li><strong>UC 6<\/strong> : Appr\u00e9cier l&rsquo;\u00e9tat de sant\u00e9 d&rsquo;un jeune cheval et r\u00e9aliser les soins quotidiens<\/li>\n<li><strong>UC 7<\/strong> : Equitation \u00e9thologique &#8211; Ethologie \u00e9quine<\/li>\n<\/ul>\n<\/div>\n<\/li>\n<li>\n<h3>CCIEE<\/h3>\n<div>\n<ul class=\"wp-block-list has-small-font-size\">\n<li>Int\u00e9gration de la pratique de l\u2019\u00e9quitation \u00e9thologique au projet p\u00e9dagogique de la structure \u00e9questre<\/li>\n<li>Pr\u00e9paration de cycles, de s\u00e9ances d\u2019initiation \u00e0 l\u2019\u00e9quitation \u00e9thologique<\/li>\n<li>Conduite de s\u00e9ance d\u2019initiation \u00e0 l\u2019\u00e9quitation \u00e9thologique \u00e0 pied<\/li>\n<li>\u00c9valuation de s\u00e9ance d\u2019initiation \u00e0 l\u2019\u00e9quitation \u00e9thologique<\/li>\n<\/ul>\n<\/div>\n<\/li>\n<li>\n<h3>CCPEE<\/h3>\n<div>\n<ul class=\"wp-block-list has-small-font-size\">\n<li>Pr\u00e9paration de cycles, de s\u00e9ances de perfectionnement en \u00e9quitation \u00e9thologique.<\/li>\n<li>Conduite de s\u00e9ances de perfectionnement en \u00e9quitation \u00e9thologique.<\/li>\n<li>\u00c9valuation de s\u00e9ances de perfectionnement en \u00e9quitation \u00e9thologique.<\/li>\n<li>Mise en oeuvre d\u2019un programme de travail pour un \u00e9quid\u00e9 destin\u00e9 \u00e0 l\u2019apprentissage de l\u2019\u00e9quitation \u00e9thologique.<\/li>\n<\/ul>\n<\/div>\n<\/li>\n<\/ul>\n<div>Besoin de pr\u00e9paration ?<\/div>\n<h2>Soyez pr\u00eat pour les tests de s\u00e9lection<\/h2>\n<ul>\n<li>\n<h3>La s\u00e9ance diagnostique<\/h3>\n<p>La s\u00e9ance diagnostic<\/p>\n<div>Pour \u00e9valuer votre niveau \u00e9questre en vue de l\u2019examen que vous visez. Ces s\u00e9ances sont r\u00e9alis\u00e9es par un enseignant ma\u00eetrisant le r\u00e9f\u00e9rentiel technique attendu. Vous repartez avec les \u00e9carts \u00e9ventuels et les points \u00e0 perfectionner avec votre coach ou en autonomie. <\/div>\n<\/li>\n<li>\n<h3>Le forfait de pr\u00e9paration<\/h3>\n<p>Le forfait de pr\u00e9paration<\/p>\n<div>Un programme en 9 s\u00e9ances pour travailler vos points faibles en vue des tests. Ces s\u00e9ances permettent aussi de d\u00e9couvrir la cavalerie sur laquelle vous passerez vos tests dans le cas o\u00f9 vous ne venez pas avec votre monture.<\/div>\n<\/li>\n<li>\n<h3>Le forfait intensif<\/h3>\n<p>Le forfait intensif<\/p>\n<div>Pens\u00e9 pour les candidats g\u00e9ographiquement \u00e9loign\u00e9s afin de leur apporter une solution de monter en comp\u00e9tence sur un temps court. Compos\u00e9 de 4 s\u00e9ances en 2 jours, vous optimisez votre temps sur site.<\/p>\n<\/div>\n<\/li>\n<\/ul>\n<p><p>\n        <a href=\"https:\/\/docs.google.com\/forms\/d\/e\/1FAIpQLSeUBvcCOKCfs1j08A3Q3KERtSJh6KVlc3XcojMpsohicpoblQ\/viewform?usp=header\" target=\"_blank\" rel=\"noopener\">Inscrivez vous aux pr\u00e9parations des tests<\/a>\n    <\/p>\n<\/p>\n<h1>Vous voulez en savoir plus sur notre formation Educateur jeune chevaux ?<\/h1>\n<p><p>\n        <a href=\"\/academie\/contact\/\">Contactez notre \u00e9quipe<\/a>\n    <\/p>\n<\/p>\n<p><!--more--><br \/>\n<!-- {\"type\":\"layout\",\"children\":[{\"type\":\"section\",\"props\":{\"header_transparent\":true,\"header_transparent_noplaceholder\":true,\"height\":\"viewport\",\"height_viewport_offset\":true,\"image\":\"wp-content\/uploads\/2026\/02\/IMG_5670-768x512-1.jpg\",\"image_effect\":\"parallax\",\"image_loading\":true,\"image_parallax_bgy\":\"-5vw,4vw\",\"image_parallax_easing\":\"1\",\"image_position\":\"center-center\",\"image_size\":\"cover\",\"image_width\":\"2560\",\"media_overlay\":\"rgba(0, 0, 0, 0.49)\",\"padding_bottom\":\"none\",\"padding_top\":\"none\",\"style\":\"default\",\"text_color\":\"light\",\"title\":\"Fa\u00eete de votre passion un m\u00e9tier\",\"title_breakpoint\":\"xl\",\"title_position\":\"center-right\",\"title_rotation\":\"left\",\"vertical_align\":\"middle\",\"width\":\"large\"},\"children\":[{\"type\":\"row\",\"children\":[{\"type\":\"column\",\"props\":{\"image_position\":\"center-center\",\"position_sticky_breakpoint\":\"m\",\"width_medium\":\"1-1\"},\"children\":[{\"type\":\"headline\",\"props\":{\"content\":\"Formation\",\"image_align\":\"left\",\"image_margin\":\"xsmall\",\"margin_bottom\":\"small\",\"margin_top\":\"small\",\"text_align\":\"center\",\"title_element\":\"div\",\"title_font_family\":\"tertiary\",\"title_style\":\"h3\"}},{\"type\":\"headline\",\"props\":{\"block_align\":\"center\",\"content\":\"\u00c9ducateur Jeunes Chevaux\",\"image_align\":\"left\",\"image_margin\":\"xsmall\",\"margin_top\":\"remove\",\"maxwidth_breakpoint\":\"m\",\"text_align\":\"center\",\"title_element\":\"h1\",\"title_style\":\"heading-xlarge\"}},{\"type\":\"text\",\"props\":{\"column_breakpoint\":\"m\",\"content\":\"<center><center>Dipl\u00f4me d\u2019\u00e9cole EPGJCS<\/center>Certificat de Comp\u00e9tence CCIEE (Initier \u00e0 l\u2019\u00c9quitation \u00c9thologique) <br \/>Certificat de Comp\u00e9tence CCPEE (Perfectionner \u00e0 l\u2019\u00c9quitation \u00c9thologique)<\/center>\",\"dropcap\":false,\"margin_bottom\":\"default\",\"margin_top\":\"default\",\"text_color\":\"emphasis\",\"text_style\":\"large\"}}]}]}],\"name\":\"Hero\"},{\"type\":\"section\",\"props\":{\"animation\":\"slide-left-medium\",\"image_position\":\"center-center\",\"padding_bottom\":\"none\",\"padding_top\":\"none\",\"style\":\"default\",\"title_breakpoint\":\"xl\",\"title_position\":\"top-left\",\"title_rotation\":\"left\",\"vertical_align\":\"\",\"width\":\"\",\"width_expand\":\"left\"},\"children\":[{\"type\":\"row\",\"props\":{\"column_gap\":\"collapse\",\"height\":\"viewport\",\"id\":\"beginners\",\"layout\":\"1-2,1-2\",\"row_gap\":\"collapse\",\"width_expand\":\"left\"},\"children\":[{\"type\":\"column\",\"props\":{\"css\":\"@media(max-width: 959px) {\\n    .el-column > * { min-height: 350px!important; }\\n}\",\"image\":\"wp-content\/uploads\/2026\/02\/331758632_3389155821305911_6357566117297553665_n_641b4623c11e1.jpg\",\"image_position\":\"center-center\",\"image_size\":\"cover\",\"image_width\":\"1280\",\"position_sticky_breakpoint\":\"m\",\"width_medium\":\"1-2\"}},{\"type\":\"column\",\"props\":{\"image_position\":\"center-center\",\"position_sticky_breakpoint\":\"m\",\"style\":\"tile-default\",\"vertical_align\":\"middle\",\"width_medium\":\"1-2\"},\"children\":[{\"type\":\"headline\",\"props\":{\"block_align\":\"center\",\"content\":\"\u00c9ducateur Jeunes Chevaux\",\"image_align\":\"left\",\"image_margin\":\"xsmall\",\"margin_bottom\":\"xsmall\",\"margin_top\":\"medium\",\"maxwidth\":\"large\",\"title_element\":\"h2\",\"title_style\":\"heading-medium\"}},{\"type\":\"headline\",\"props\":{\"block_align\":\"center\",\"content\":\"Double dipl\u00f4me en \u00e9qutation \u00e9thologique\",\"image_align\":\"left\",\"image_margin\":\"xsmall\",\"margin_bottom\":\"default\",\"margin_top\":\"remove\",\"maxwidth\":\"large\",\"title_color\":\"secondary\",\"title_element\":\"h2\",\"title_style\":\"h3\"}},{\"type\":\"text\",\"props\":{\"block_align\":\"center\",\"column_breakpoint\":\"m\",\"content\":\"\n\n<p>Cette formation vous permet de <strong>devenir \u00e9ducateur professionnel de jeunes chevaux, capable d\u2019assurer et d\u2019accompagner leur d\u00e9veloppement sportif de 2 \u00e0 3 ans<\/strong>. Votre connaissance du cheval, et de son fonctionnement sont valid\u00e9s par les 5 savoirs \u00e9thologiques, en compl\u00e9ment du dipl\u00f4me d\u2019\u00e9cole qui certifie votre capacit\u00e9 professionnelle d\u2019\u00e9ducateur de jeunes chevaux.<\/p>\n\n\\n\n\n<p>Haras de Nantes Acad\u00e9mie ajoute une comp\u00e9tence p\u00e9dagogique au cursus, avec un dipl\u00f4me d\u2019enseignement en \u00e9quitation \u00e9thologique accessible aux personnes titulaires de la capacit\u00e9 \u00e0 encadrer des activit\u00e9s \u00e9questres.<\/p>\n\n\",\"dropcap\":false,\"margin_bottom\":\"default\",\"margin_top\":\"default\",\"maxwidth\":\"large\",\"text_color\":\"emphasis\"}},{\"type\":\"button\",\"props\":{\"block_align\":\"center\",\"button_size\":\"large\",\"fullwidth\":true,\"grid_column_gap\":\"\",\"grid_row_gap\":\"small\",\"margin_bottom\":\"default\",\"margin_top\":\"medium\",\"maxwidth\":\"large\"},\"children\":[{\"type\":\"button_item\",\"props\":{\"button_style\":\"default\",\"content\":\"Demandez le programme\",\"dialog_layout\":\"modal\",\"dialog_offcanvas_flip\":true,\"icon_align\":\"left\",\"link\":\"contact\/\",\"link_target\":true}}]}]}]},{\"type\":\"row\",\"props\":{\"column_gap\":\"collapse\",\"id\":\"advanced\",\"layout\":\"1-2,1-2\",\"margin_bottom\":\"remove\",\"margin_top\":\"remove\",\"row_gap\":\"collapse\",\"width_expand\":\"left\"},\"children\":[{\"type\":\"column\",\"props\":{\"css\":\"@media(max-width: 959px) {\\n    .el-column > * { min-height: 350px!important; }\\n}\",\"image\":\"wp-content\/uploads\/2026\/02\/capture-decran-2023-11-10-a-14-34-32-original.png\",\"image_position\":\"center-center\",\"image_size\":\"cover\",\"image_width\":\"1280\",\"position_sticky_breakpoint\":\"m\",\"width_medium\":\"1-2\"}},{\"type\":\"column\",\"props\":{\"image_position\":\"center-center\",\"order_first\":\"m\",\"position_sticky_breakpoint\":\"m\",\"style\":\"tile-default\",\"vertical_align\":\"middle\",\"width_medium\":\"1-2\"},\"children\":[{\"type\":\"headline\",\"props\":{\"block_align\":\"center\",\"content\":\"Modalit\u00e9s de la formation\",\"image_align\":\"left\",\"image_margin\":\"xsmall\",\"margin_bottom\":\"small\",\"margin_top\":\"small\",\"maxwidth\":\"large\",\"title_element\":\"h2\"}},{\"type\":\"text\",\"props\":{\"block_align\":\"center\",\"column_breakpoint\":\"m\",\"content\":\"\n\n<p>Tout au long de l\u2019ann\u00e9e, vous suivez des enseignements th\u00e9oriques et pratiques avec des jeunes chevaux mis \u00e0 disposition pour la formation.<\/p>\n\n\",\"dropcap\":false,\"margin_bottom\":\"default\",\"margin_top\":\"default\",\"maxwidth\":\"large\",\"text_color\":\"emphasis\"}},{\"type\":\"table\",\"props\":{\"block_align\":\"center\",\"image_svg_color\":\"emphasis\",\"image_svg_inline\":true,\"image_width\":30,\"link_style\":\"default\",\"link_text\":\"Read more\",\"maxwidth\":\"large\",\"meta_color\":\"emphasis\",\"meta_style\":\"h5\",\"show_content\":true,\"show_image\":true,\"show_link\":true,\"show_meta\":true,\"show_title\":false,\"table_hover\":true,\"table_justify\":false,\"table_order\":\"2\",\"table_responsive\":\"overflow\",\"table_vertical_align\":false,\"table_width_meta\":\"shrink\",\"table_width_title\":\"shrink\",\"title_style\":\"h6\"},\"children\":[{\"type\":\"table_item\",\"props\":{\"content\":\"\n\n<p><span>11 mois (1 590 heures de formation)<\/span><\/p>\n\n\",\"image\":\"wp-content\/uploads\/2026\/02\/calendar.png\",\"meta\":\"Dur\u00e9e\",\"title\":\"Dur\u00e9e\"}},{\"type\":\"table_item\",\"props\":{\"content\":\"\n\n<p>2 stagiaires max par promotion<\/p>\n\n\",\"image\":\"wp-content\/uploads\/2026\/02\/profile.png\",\"meta\":\"Stagiaires\",\"title\":\"Stagiaires\"}}]},{\"type\":\"headline\",\"props\":{\"block_align\":\"center\",\"content\":\"Pr\u00e9requis\",\"image_align\":\"left\",\"image_margin\":\"xsmall\",\"margin_bottom\":\"remove\",\"margin_top\":\"default\",\"maxwidth\":\"large\",\"title_element\":\"h2\"}},{\"type\":\"table\",\"props\":{\"block_align\":\"center\",\"image_svg_color\":\"emphasis\",\"image_svg_inline\":true,\"image_width\":30,\"link_style\":\"default\",\"link_text\":\"Read more\",\"margin_top\":\"remove\",\"maxwidth\":\"large\",\"meta_color\":\"emphasis\",\"meta_style\":\"h5\",\"show_content\":true,\"show_image\":true,\"show_link\":true,\"show_meta\":true,\"show_title\":false,\"table_hover\":true,\"table_justify\":false,\"table_order\":\"2\",\"table_responsive\":\"overflow\",\"table_vertical_align\":false,\"table_width_meta\":\"shrink\",\"table_width_title\":\"shrink\",\"title_style\":\"h6\"},\"children\":[{\"type\":\"table_item\",\"props\":{\"content\":\"\n\n<p><span>\u00a0\u00catre \u00e2g\u00e9 de 18 ans et plus<\/span><\/p>\n\n\",\"image\":\"wp-content\/uploads\/2026\/02\/profile.png\",\"meta\":\"Age\",\"title\":\"Age\"}},{\"type\":\"table_item\",\"props\":{\"content\":\"\n\n<ul>\\n\n\n<li><span>\u00catre titulaire de la <strong>PSC 1<\/strong> (Pr\u00e9vention et secours civiques de niveau 1)<\/span><\/li>\n\n\\n\n\n<li>Avoir un niveau <span>\u00a0<\/span><strong>Galop\u00ae 7<\/strong><\/li>\n\n\\n\n\n<li>\u00catre en possession d\u2019une <strong>licence f\u00e9d\u00e9rale<\/strong> valide<\/li>\n\n\\n\n\n<li>\u00catre en possession d\u2019un<strong> certificat m\u00e9dical<\/strong> datant de moins de 3 mois \u00e0 la cl\u00f4ture des inscriptions<\/li>\n\n\\n<\/ul>\n\n\",\"image\":\"wp-content\/uploads\/2026\/02\/document.png\",\"meta\":\"Documents\",\"title\":\"Documents\"}}]}]}]},{\"type\":\"row\",\"props\":{\"column_gap\":\"collapse\",\"id\":\"beginners\",\"layout\":\"1-2,1-2\",\"row_gap\":\"collapse\",\"width_expand\":\"left\"},\"children\":[{\"type\":\"column\",\"props\":{\"css\":\"@media(max-width: 959px) {\\n    .el-column > * { min-height: 350px!important; }\\n}\",\"image\":\"wp-content\/uploads\/2026\/02\/img-8339-scaled.jpg\",\"image_position\":\"center-center\",\"image_size\":\"cover\",\"image_width\":\"1280\",\"position_sticky_breakpoint\":\"m\",\"width_medium\":\"1-2\"}},{\"type\":\"column\",\"props\":{\"image_position\":\"center-center\",\"position_sticky_breakpoint\":\"m\",\"style\":\"tile-default\",\"vertical_align\":\"middle\",\"width_medium\":\"1-2\"},\"children\":[{\"type\":\"headline\",\"props\":{\"block_align\":\"center\",\"content\":\"Participer au tests de s\u00e9lection\",\"image_align\":\"left\",\"image_margin\":\"xsmall\",\"margin_bottom\":\"remove\",\"margin_top\":\"large\",\"maxwidth\":\"large\",\"title_element\":\"h2\",\"title_style\":\"h2\"}},{\"type\":\"text\",\"props\":{\"block_align\":\"center\",\"column_breakpoint\":\"m\",\"content\":\"\n\n<ul class=\\\"wp-block-list has-small-font-size\\\">\\n\n\n<li>Un expos\u00e9 oral du projet professionnel suivi d\u2019un entretien ~20 min<\/li>\n\n\\n\n\n<li>Une \u00e9valuation \u00e0 cheval lors d\u2019un travail impos\u00e9 ~ 30 min<\/li>\n\n\\n<\/ul>\n\n\",\"dropcap\":false,\"margin_bottom\":\"default\",\"margin_top\":\"default\",\"maxwidth\":\"large\",\"text_color\":\"emphasis\"}},{\"type\":\"button\",\"props\":{\"block_align\":\"center\",\"fullwidth\":true,\"grid_column_gap\":\"\",\"grid_row_gap\":\"small\",\"margin_bottom\":\"default\",\"margin_top\":\"default\",\"maxwidth\":\"large\"},\"children\":[{\"type\":\"button_item\",\"props\":{\"button_style\":\"primary\",\"content\":\"S\u2019inscrire aux tests de s\u00e9lection\",\"dialog_layout\":\"modal\",\"dialog_offcanvas_flip\":true,\"icon_align\":\"left\",\"link\":\"https:\/\/www.haras-de-nantes.fr\/academie\/contact\/\",\"link_target\":true}}]}]}]}],\"name\":\"Lessons\"},{\"type\":\"section\",\"props\":{\"animation\":\"slide-top-medium\",\"image_position\":\"center-center\",\"style\":\"secondary\",\"title_breakpoint\":\"xl\",\"title_position\":\"top-left\",\"title_rotation\":\"left\",\"vertical_align\":\"middle\",\"width\":\"default\"},\"children\":[{\"type\":\"row\",\"props\":{\"padding_remove_horizontal\":false,\"width\":\"default\"},\"children\":[{\"type\":\"column\",\"props\":{\"image_position\":\"center-center\",\"position_sticky_breakpoint\":\"m\"},\"children\":[{\"type\":\"headline\",\"props\":{\"content\":\"Dates cl\u00e9s de la formation\",\"image_align\":\"left\",\"image_margin\":\"xsmall\",\"margin_bottom\":\"remove\",\"margin_top\":\"small\",\"text_align\":\"center\",\"title_color\":\"muted\",\"title_element\":\"div\",\"title_font_family\":\"tertiary\",\"title_style\":\"h3\"}},{\"type\":\"headline\",\"props\":{\"content\":\"2 promotions par an :\u00a0 septembre &amp; f\u00e9vrier\",\"image_align\":\"left\",\"image_margin\":\"xsmall\",\"margin_bottom\":\"medium\",\"margin_top\":\"remove\",\"text_align\":\"center\",\"title_element\":\"h1\",\"title_style\":\"h2\"}}]}]},{\"type\":\"row\",\"children\":[{\"type\":\"column\",\"props\":{\"image_position\":\"center-center\",\"position_sticky_breakpoint\":\"m\",\"vertical_align\":\"middle\"},\"children\":[{\"type\":\"grid\",\"props\":{\"block_align\":\"center\",\"content_align\":false,\"content_column_breakpoint\":\"m\",\"content_margin\":\"remove\",\"filter_align\":\"left\",\"filter_all\":true,\"filter_grid_breakpoint\":\"m\",\"filter_grid_width\":\"auto\",\"filter_position\":\"top\",\"filter_style\":\"tab\",\"grid_column_align\":false,\"grid_default\":\"2\",\"grid_divider\":true,\"grid_medium\":\"\",\"grid_row_align\":true,\"grid_small\":\"5\",\"image_align\":\"top\",\"image_grid_breakpoint\":\"m\",\"image_grid_width\":\"1-2\",\"image_svg_color\":\"emphasis\",\"item_animation\":true,\"item_maxwidth\":\"large\",\"lightbox_bg_close\":true,\"link_fullwidth\":true,\"link_style\":\"default\",\"link_text\":\"Read more\",\"margin_bottom\":\"default\",\"margin_top\":\"default\",\"maxwidth\":\"2xlarge\",\"meta_align\":\"below-title\",\"meta_element\":\"div\",\"meta_style\":\"h4\",\"show_content\":true,\"show_hover_image\":true,\"show_hover_video\":true,\"show_image\":true,\"show_link\":true,\"show_meta\":true,\"show_title\":true,\"show_video\":true,\"text_align\":\"center\",\"title_align\":\"top\",\"title_element\":\"h3\",\"title_grid_breakpoint\":\"m\",\"title_grid_width\":\"1-2\",\"title_hover_style\":\"reset\",\"title_style\":\"h3\"},\"children\":[{\"type\":\"grid_item\",\"props\":{\"content\":\"\",\"link_text\":\"S'inscrire aux TEP\",\"meta\":\"\",\"title\":\"Promo Septembre\"}},{\"type\":\"grid_item\",\"props\":{\"content\":\"\n\n<p>Rentr\u00e9e<\/p>\n\n\",\"link_text\":\"S'inscrire aux TEP\",\"meta\":\"Septembre\",\"title\":\"\"}},{\"type\":\"grid_item\",\"props\":{\"content\":\"\n\n<p>\u00c9valuation Formative 1<\/p>\n\n\",\"link_text\":\"S'inscrire aux TEP\",\"meta\":\"Octobre\",\"title\":\"\"}},{\"type\":\"grid_item\",\"props\":{\"content\":\"\n\n<p>Examen CCIEE<\/p>\n\n\",\"link_text\":\"S'inscrire aux TEP\",\"meta\":\"Janvier\",\"title\":\"\"}},{\"type\":\"grid_item\",\"props\":{\"content\":\"\n\n<p>\u00c9valuation Finale + CCPEE<\/p>\n\n\",\"link_text\":\"S'inscrire aux TEP\",\"meta\":\"Juillet\",\"title\":\"\"}}]},{\"type\":\"divider\",\"props\":{\"divider_element\":\"hr\",\"visibility\":\"hidden-s\"}},{\"type\":\"grid\",\"props\":{\"block_align\":\"center\",\"content_align\":false,\"content_column_breakpoint\":\"m\",\"content_margin\":\"remove\",\"filter_align\":\"left\",\"filter_all\":true,\"filter_grid_breakpoint\":\"m\",\"filter_grid_width\":\"auto\",\"filter_position\":\"top\",\"filter_style\":\"tab\",\"grid_column_align\":false,\"grid_default\":\"2\",\"grid_divider\":true,\"grid_medium\":\"\",\"grid_row_align\":true,\"grid_small\":\"5\",\"image_align\":\"top\",\"image_grid_breakpoint\":\"m\",\"image_grid_width\":\"1-2\",\"image_svg_color\":\"emphasis\",\"item_animation\":true,\"item_maxwidth\":\"large\",\"lightbox_bg_close\":true,\"link_fullwidth\":true,\"link_style\":\"default\",\"link_text\":\"Read more\",\"margin_bottom\":\"default\",\"margin_top\":\"default\",\"maxwidth\":\"2xlarge\",\"meta_align\":\"below-title\",\"meta_element\":\"div\",\"meta_style\":\"h4\",\"show_content\":true,\"show_hover_image\":true,\"show_hover_video\":true,\"show_image\":true,\"show_link\":true,\"show_meta\":true,\"show_title\":true,\"show_video\":true,\"text_align\":\"center\",\"title_align\":\"top\",\"title_element\":\"h3\",\"title_grid_breakpoint\":\"m\",\"title_grid_width\":\"1-2\",\"title_hover_style\":\"reset\",\"title_style\":\"h3\"},\"children\":[{\"type\":\"grid_item\",\"props\":{\"content\":\"\",\"link_text\":\"S'inscrire aux TEP\",\"meta\":\"\",\"title\":\"Promo F\u00e9vrier\"}},{\"type\":\"grid_item\",\"props\":{\"content\":\"\n\n<p>Rentr\u00e9e<\/p>\n\n\",\"link_text\":\"S'inscrire aux TEP\",\"meta\":\"Janvier\",\"title\":\"\"}},{\"type\":\"grid_item\",\"props\":{\"content\":\"\n\n<p>\u00c9valuation Formative 1<\/p>\n\n\",\"link_text\":\"S'inscrire aux TEP\",\"meta\":\"Mars\",\"title\":\"\"}},{\"type\":\"grid_item\",\"props\":{\"content\":\"\n\n<p>Examen CCIEE<\/p>\n\n\",\"link_text\":\"S'inscrire aux TEP\",\"meta\":\"Juillet\",\"title\":\"\"}},{\"type\":\"grid_item\",\"props\":{\"content\":\"\n\n<p>\u00c9valuation Finale + CCPEE<\/p>\n\n\",\"link_text\":\"S'inscrire aux TEP\",\"meta\":\"Janvier\",\"title\":\"\"}}]}]}]}],\"name\":\"Date cl\u00e9\"},{\"type\":\"section\",\"props\":{\"animation\":\"fade\",\"id\":\"faq\",\"image_position\":\"center-center\",\"overlap\":false,\"padding_bottom\":\"large\",\"preserve_color\":true,\"style\":\"default\",\"title_breakpoint\":\"xl\",\"title_position\":\"top-left\",\"title_rotation\":\"left\",\"vertical_align\":\"\",\"width\":\"small\"},\"children\":[{\"type\":\"row\",\"children\":[{\"type\":\"column\",\"props\":{\"image_position\":\"center-center\",\"position_sticky_breakpoint\":\"m\"},\"children\":[{\"type\":\"headline\",\"props\":{\"content\":\"Qu'est-ce qu'on apprend ?\",\"image_align\":\"left\",\"image_margin\":\"xsmall\",\"margin_bottom\":\"small\",\"margin_top\":\"small\",\"title_color\":\"primary\",\"title_element\":\"div\",\"title_font_family\":\"tertiary\",\"title_style\":\"h3\"}},{\"type\":\"headline\",\"props\":{\"content\":\"Les objectifs de la formation\",\"image_align\":\"left\",\"image_margin\":\"xsmall\",\"margin_top\":\"remove\",\"maxwidth\":\"2xlarge\",\"title_element\":\"h2\"}},{\"type\":\"text\",\"props\":{\"column_breakpoint\":\"m\",\"content\":\"A l\u2019issue de la formation, vous aurez d\u00e9velopp\u00e9 les aptitudes et comp\u00e9tences suivantes, certifi\u00e9es par quatre blocs de comp\u00e9tences pour le BPJEPS et quatre modalit\u00e9s pour le CCIEE et le CCPEE. Les blocs et les modalit\u00e9s sont valid\u00e9es de mani\u00e8re ind\u00e9pendante.\",\"margin_bottom\":\"default\",\"margin_top\":\"default\",\"maxwidth\":\"2xlarge\"}},{\"type\":\"accordion\",\"props\":{\"collapsible\":true,\"content_column_breakpoint\":\"m\",\"image_align\":\"top\",\"image_grid_breakpoint\":\"m\",\"image_grid_width\":\"1-2\",\"image_svg_color\":\"emphasis\",\"link_style\":\"default\",\"link_text\":\"Read more\",\"show_image\":true,\"show_link\":true},\"children\":[{\"type\":\"accordion_item\",\"props\":{\"content\":\"\n\n<ul>\\n\n\n<li><strong>UC 1<\/strong> : Utiliser, adapter et entretenir les harnachements<\/li>\n\n\\n\n\n<li><strong>UC 2<\/strong> : Appr\u00e9cier le mod\u00e8le et le potentiel d'un jeune cheval<\/li>\n\n\\n\n\n<li><strong>UC 3<\/strong> : Mettre en confiance et travailler un jeune cheval en vue de son d\u00e9bourrage<\/li>\n\n\\n\n\n<li><strong>UC 4<\/strong> : Mettre en condition un jeune cheval en vue de sa participation aux concours d'\u00e9levage<\/li>\n\n\\n\n\n<li><strong>UC 5<\/strong> : D\u00e9bourrer et travailler de mani\u00e8re \u00e9l\u00e9mentaire un jeune cheval mont\u00e9<\/li>\n\n\\n\n\n<li><strong>UC 6<\/strong> : Appr\u00e9cier l'\u00e9tat de sant\u00e9 d'un jeune cheval et r\u00e9aliser les soins quotidiens<\/li>\n\n\\n\n\n<li><strong>UC 7<\/strong> : Equitation \u00e9thologique - Ethologie \u00e9quine<\/li>\n\n\\n<\/ul>\n\n\",\"title\":\" EPGJCS\"}},{\"type\":\"accordion_item\",\"props\":{\"content\":\"\n\n<ul class=\\\"wp-block-list has-small-font-size\\\">\\n\n\n<li>Int\u00e9gration de la pratique de l\u2019\u00e9quitation \u00e9thologique au projet p\u00e9dagogique de la structure \u00e9questre<\/li>\n\n\\n\n\n<li>Pr\u00e9paration de cycles, de s\u00e9ances d\u2019initiation \u00e0 l\u2019\u00e9quitation \u00e9thologique<\/li>\n\n\\n\n\n<li>Conduite de s\u00e9ance d\u2019initiation \u00e0 l\u2019\u00e9quitation \u00e9thologique \u00e0 pied<\/li>\n\n\\n\n\n<li>\u00c9valuation de s\u00e9ance d\u2019initiation \u00e0 l\u2019\u00e9quitation \u00e9thologique<\/li>\n\n\\n<\/ul>\n\n\",\"title\":\"CCIEE\"}},{\"type\":\"accordion_item\",\"props\":{\"content\":\"\n\n<ul class=\\\"wp-block-list has-small-font-size\\\">\\n\n\n<li>Pr\u00e9paration de cycles, de s\u00e9ances de perfectionnement en \u00e9quitation \u00e9thologique.<\/li>\n\n\\n\n\n<li>Conduite de s\u00e9ances de perfectionnement en \u00e9quitation \u00e9thologique.<\/li>\n\n\\n\n\n<li>\u00c9valuation de s\u00e9ances de perfectionnement en \u00e9quitation \u00e9thologique.<\/li>\n\n\\n\n\n<li>Mise en oeuvre d\u2019un programme de travail pour un \u00e9quid\u00e9 destin\u00e9 \u00e0 l\u2019apprentissage de l\u2019\u00e9quitation \u00e9thologique.<\/li>\n\n\\n<\/ul>\n\n\",\"title\":\"CCPEE\"}}]}]}]}],\"name\":\"Objectifs de formation\"},{\"type\":\"section\",\"props\":{\"animation\":\"fade\",\"image\":\"wp-content\/uploads\/2026\/02\/DSC_0111-scaled.jpg\",\"image_position\":\"center-left\",\"image_size\":\"cover\",\"media_overlay\":\"rgba(0, 0, 0, 0.38)\",\"padding_bottom\":\"large\",\"padding_top\":\"large\",\"style\":\"muted\",\"title_breakpoint\":\"l\",\"title_position\":\"center-right\",\"title_rotation\":\"left\",\"vertical_align\":\"\",\"width\":\"large\",\"width_expand\":\"left\"},\"children\":[{\"type\":\"row\",\"children\":[{\"type\":\"column\",\"props\":{\"image_effect\":\"parallax\",\"image_parallax_bgy\":\"-5vw,4vw\",\"image_parallax_easing\":\"1\",\"image_position\":\"center-center\",\"image_size\":\"cover\",\"image_width\":\"2260\",\"media_background\":\"rgba(0, 0, 0, 0.55)\",\"media_overlay\":\"rgba(31, 21, 0, 0.75)\",\"padding\":\"large\",\"position_sticky_breakpoint\":\"m\",\"text_color\":\"light\"},\"children\":[{\"type\":\"headline\",\"props\":{\"block_align\":\"center\",\"content\":\"Besoin de pr\u00e9paration ?\",\"image_align\":\"left\",\"image_margin\":\"xsmall\",\"margin_bottom\":\"small\",\"margin_top\":\"small\",\"maxwidth\":\"2xlarge\",\"text_align\":\"left\",\"title_element\":\"div\",\"title_font_family\":\"tertiary\",\"title_style\":\"h3\",\"title_text_stroke\":false}},{\"type\":\"headline\",\"props\":{\"block_align\":\"center\",\"content\":\"Soyez pr\u00eat pour les tests de s\u00e9lection\",\"image_align\":\"left\",\"image_margin\":\"xsmall\",\"margin_bottom\":\"medium\",\"margin_top\":\"remove\",\"maxwidth\":\"2xlarge\",\"text_align\":\"left\",\"title_element\":\"h2\",\"title_style\":\"h1\"}},{\"type\":\"grid\",\"props\":{\"block_align\":\"center\",\"content_column_breakpoint\":\"m\",\"filter_align\":\"left\",\"filter_all\":true,\"filter_grid_breakpoint\":\"m\",\"filter_grid_width\":\"auto\",\"filter_position\":\"top\",\"filter_style\":\"tab\",\"grid_default\":\"1\",\"grid_divider\":true,\"grid_medium\":\"3\",\"image_align\":\"top\",\"image_grid_breakpoint\":\"m\",\"image_grid_width\":\"1-2\",\"image_svg_color\":\"emphasis\",\"item_animation\":true,\"lightbox_bg_close\":true,\"link_style\":\"default\",\"link_text\":\"Read more\",\"margin_bottom\":\"medium\",\"margin_top\":\"default\",\"maxwidth\":\"2xlarge\",\"meta_align\":\"below-title\",\"meta_element\":\"div\",\"meta_style\":\"text-meta\",\"show_content\":true,\"show_hover_image\":true,\"show_hover_video\":true,\"show_image\":true,\"show_link\":true,\"show_meta\":false,\"show_title\":true,\"show_video\":true,\"title_align\":\"top\",\"title_element\":\"h3\",\"title_grid_breakpoint\":\"m\",\"title_grid_width\":\"1-2\",\"title_hover_style\":\"reset\"},\"children\":[{\"type\":\"grid_item\",\"props\":{\"content\":\"Pour \u00e9valuer votre niveau \u00e9questre en vue de l\u2019examen que vous visez. Ces s\u00e9ances sont r\u00e9alis\u00e9es par un enseignant ma\u00eetrisant le r\u00e9f\u00e9rentiel technique attendu. Vous repartez avec les \u00e9carts \u00e9ventuels et les points \u00e0 perfectionner avec votre coach ou en autonomie. \",\"meta\":\"La s\u00e9ance diagnostic\",\"title\":\"La s\u00e9ance diagnostique\"}},{\"type\":\"grid_item\",\"props\":{\"content\":\"Un programme en 9 s\u00e9ances pour travailler vos points faibles en vue des tests. Ces s\u00e9ances permettent aussi de d\u00e9couvrir la cavalerie sur laquelle vous passerez vos tests dans le cas o\u00f9 vous ne venez pas avec votre monture.\",\"meta\":\"Le forfait de pr\u00e9paration\",\"title\":\"Le forfait de pr\u00e9paration\"}},{\"type\":\"grid_item\",\"props\":{\"content\":\"Pens\u00e9 pour les candidats g\u00e9ographiquement \u00e9loign\u00e9s afin de leur apporter une solution de monter en comp\u00e9tence sur un temps court. Compos\u00e9 de 4 s\u00e9ances en 2 jours, vous optimisez votre temps sur site.\\n\\n\",\"meta\":\"Le forfait intensif\",\"title\":\"Le forfait intensif\"}}]},{\"type\":\"button\",\"props\":{\"block_align\":\"center\",\"button_size\":\"large\",\"fullwidth\":false,\"grid_column_gap\":\"small\",\"grid_row_gap\":\"small\",\"margin_bottom\":\"default\",\"margin_top\":\"default\",\"maxwidth\":\"2xlarge\",\"text_align\":\"left\"},\"children\":[{\"type\":\"button_item\",\"props\":{\"button_style\":\"default\",\"content\":\"Inscrivez vous aux pr\u00e9parations des tests\",\"dialog_layout\":\"modal\",\"dialog_offcanvas_flip\":true,\"icon_align\":\"left\",\"link\":\"https:\/\/docs.google.com\/forms\/d\/e\/1FAIpQLSeUBvcCOKCfs1j08A3Q3KERtSJh6KVlc3XcojMpsohicpoblQ\/viewform?usp=header\",\"link_target\":true}}]}]}]}],\"name\":\"Pr\u00e9pa TEP\"},{\"type\":\"section\",\"props\":{\"animation\":\"scale-up\",\"image_position\":\"center-center\",\"image_size\":\"cover\",\"overlap\":true,\"padding_bottom\":\"large\",\"padding_top\":\"large\",\"style\":\"default\",\"title_breakpoint\":\"xl\",\"title_position\":\"top-left\",\"title_rotation\":\"left\",\"vertical_align\":\"middle\",\"width\":\"default\"},\"children\":[{\"type\":\"row\",\"children\":[{\"type\":\"column\",\"props\":{\"image_position\":\"center-center\",\"position_sticky_breakpoint\":\"m\"},\"children\":[{\"type\":\"headline\",\"props\":{\"block_align\":\"center\",\"content\":\"Vous voulez en savoir plus sur notre formation Educateur jeune chevaux ?\",\"image_align\":\"left\",\"image_margin\":\"xsmall\",\"maxwidth\":\"xlarge\",\"text_align\":\"center\",\"title_element\":\"h1\"}},{\"type\":\"button\",\"props\":{\"block_align\":\"center\",\"button_size\":\"large\",\"fullwidth\":true,\"grid_column_gap\":\"small\",\"grid_row_gap\":\"small\",\"margin_bottom\":\"default\",\"margin_top\":\"medium\",\"maxwidth\":\"xlarge\"},\"children\":[{\"type\":\"button_item\",\"props\":{\"button_style\":\"primary\",\"content\":\"Contactez notre \u00e9quipe\",\"dialog_layout\":\"modal\",\"dialog_offcanvas_flip\":true,\"icon_align\":\"left\",\"link\":\"contact\/\",\"link_target\":true}}]}]}]}],\"name\":\"Contacts\"},{\"type\":\"section\",\"props\":{\"image_position\":\"center-center\",\"status\":\"disabled\",\"style\":\"default\",\"title_breakpoint\":\"xl\",\"title_position\":\"top-left\",\"title_rotation\":\"left\",\"vertical_align\":\"middle\",\"width\":\"default\"},\"children\":[{\"type\":\"row\",\"props\":{\"layout\":\"1-2,1-2\"},\"children\":[{\"type\":\"column\",\"props\":{\"image_position\":\"center-center\",\"position_sticky_breakpoint\":\"m\",\"width_medium\":\"1-2\"},\"children\":[{\"type\":\"text\",\"props\":{\"column_breakpoint\":\"m\",\"content\":\"\n\n<h1>Contenu possible \u00e0 ajouter<\/h1>\n\n\\n\n\n<h4>Semaine type de formation :\u00a0<\/h4>\n\n\\n\n\n<p><strong>Lundi : <\/strong><\/p>\n\n\\n\n\n<ul>\\n\n\n<li>Matin : cours pratique et mise en application<\/li>\n\n\\n\n\n<li>Apr\u00e8s-midi : cours th\u00e9orique, soins aux chevaux, enseignement \u00e9quitation \u00e9thologique<\/li>\n\n\\n<\/ul>\n\n\\n\n\n<p><strong>Mardi, Mercredi, Jeudi, Vendredi : <\/strong>Soins aux chevaux, cours pratique et mise en application<\/p>\n\n\\n\n\n<p><strong>Samedi matin<\/strong> : soins au chevaux, enseignement \u00e9quitation \u00e9thologique, observation de s\u00e9ances d\u2019\u00e9valuations comportementales<\/p>\n\n\\n\n\n<h4>Ou se d\u00e9roule la formation<\/h4>\n\n\",\"margin_bottom\":\"default\",\"margin_top\":\"default\"}}]},{\"type\":\"column\",\"props\":{\"image_position\":\"center-center\",\"position_sticky_breakpoint\":\"m\",\"width_medium\":\"1-2\"},\"children\":[{\"type\":\"text\",\"props\":{\"column_breakpoint\":\"m\",\"content\":\"\n\n<h4><strong>Les formateurs :\u00a0<\/strong><\/h4>\n\n\\n\n\n<p><strong>S\u00e9bastien JAULIN<\/strong><br \/>Formateur CO-NECT<br \/>BPJEPS \/ BFE EE III<\/p>\n\n\\n\n\n<p><strong>Robyn ARNOLD<\/strong><br \/>Formatrice CO-NECT<\/p>\n\n\\n\n\n<h4>Chiffres cl\u00e9s formations<\/h4>\n\n\\n\n\n<p>(nb dipl\u00f4m\u00e9, satisfaction)<\/p>\n\n\",\"margin_bottom\":\"default\",\"margin_top\":\"default\"}}]}]}],\"name\":\"id\u00e9e\"}],\"version\":\"5.0.11\"} --><\/p>\n","protected":false},"excerpt":{"rendered":"<p>Formation \u00c9ducateur Jeunes Chevaux Dipl\u00f4me d\u2019\u00e9cole EPGJCSCertificat de Comp\u00e9tence CCIEE (Initier \u00e0 l\u2019\u00c9quitation \u00c9thologique) Certificat de Comp\u00e9tence CCPEE (Perfectionner \u00e0 l\u2019\u00c9quitation \u00c9thologique) \u00c9ducateur Jeunes Chevaux Double dipl\u00f4me en \u00e9qutation \u00e9thologique Cette formation vous permet de devenir \u00e9ducateur professionnel de jeunes chevaux, capable d\u2019assurer et d\u2019accompagner leur d\u00e9veloppement sportif de 2 \u00e0 3 ans. Votre connaissance [&hellip;]<\/p>\n","protected":false},"author":1,"featured_media":0,"parent":0,"menu_order":0,"comment_status":"closed","ping_status":"closed","template":"","meta":{"footnotes":""},"class_list":["post-880","page","type-page","status-publish","hentry"],"_links":{"self":[{"href":"https:\/\/www.haras-de-nantes.fr\/academie\/wp-json\/wp\/v2\/pages\/880","targetHints":{"allow":["GET"]}}],"collection":[{"href":"https:\/\/www.haras-de-nantes.fr\/academie\/wp-json\/wp\/v2\/pages"}],"about":[{"href":"https:\/\/www.haras-de-nantes.fr\/academie\/wp-json\/wp\/v2\/types\/page"}],"author":[{"embeddable":true,"href":"https:\/\/www.haras-de-nantes.fr\/academie\/wp-json\/wp\/v2\/users\/1"}],"replies":[{"embeddable":true,"href":"https:\/\/www.haras-de-nantes.fr\/academie\/wp-json\/wp\/v2\/comments?post=880"}],"version-history":[{"count":28,"href":"https:\/\/www.haras-de-nantes.fr\/academie\/wp-json\/wp\/v2\/pages\/880\/revisions"}],"predecessor-version":[{"id":1253,"href":"https:\/\/www.haras-de-nantes.fr\/academie\/wp-json\/wp\/v2\/pages\/880\/revisions\/1253"}],"wp:attachment":[{"href":"https:\/\/www.haras-de-nantes.fr\/academie\/wp-json\/wp\/v2\/media?parent=880"}],"curies":[{"name":"wp","href":"https:\/\/api.w.org\/{rel}","templated":true}]}}